{"id":598,"date":"2025-02-19T17:36:15","date_gmt":"2025-02-19T17:36:15","guid":{"rendered":"https:\/\/festivalpacodeluciamallorca.com\/en-construccion-copy\/"},"modified":"2026-03-17T08:43:02","modified_gmt":"2026-03-17T08:43:02","slug":"inicio","status":"publish","type":"page","link":"https:\/\/festivalpacodeluciamallorca.com\/ca\/","title":{"rendered":"Festival Paco de Luc\u00eda Mallorca Palma Flamenca 2026"},"content":{"rendered":"<p><img loading=\"lazy\" decoding=\"async\" width=\"810\" height=\"810\" src=\"https:\/\/festivalpacodeluciamallorca.com\/wp-content\/uploads\/2024\/08\/Diseno-sin-titulo-65.png\" alt=\"\" \/>\t\t\t\t\t\t\t\t\t\t\t\t\t<\/p>\n<h1 style=\"text-align: center\">WEB EN RE-CONSTRUCCI\u00d3N<\/h1>\n<h1 style=\"text-align: center\">\u00a1COMING SOON!<\/h1>\n<p><a style=\"color: #ffffff\" href=\"mailto:solbescos@gmail.com\" target=\"_blank\" rel=\"noopener\">CONTACTO<\/a><\/p>\n<p><a style=\"color: #ffffff\" href=\"https:\/\/www.instagram.com\/festivalpacodeluciamallorca\/\" target=\"_blank\" rel=\"noopener\">INSTAGRAM<\/a><\/p>\n","protected":false},"excerpt":{"rendered":"<p>WEB EN RE-CONSTRUCCI\u00d3N \u00a1COMING SOON! CONTACTO INSTAGRAM<\/p>\n","protected":false},"author":1,"featured_media":0,"parent":0,"menu_order":8,"comment_status":"closed","ping_status":"closed","template":"","meta":[],"class_list":["post-598","page","type-page","status-publish","hentry"],"yoast_head":"<!-- This site is optimized with the Yoast SEO plugin v27.5 - https:\/\/yoast.com\/product\/yoast-seo-wordpress\/ -->\n<title>Festival Paco de Luc\u00eda Mallorca Palma Flamenca 2026 - Festival Paco de Luc\u00eda Mallorca<\/title>\n<meta name=\"robots\" content=\"index, follow, max-snippet:-1, max-image-preview:large, max-video-preview:-1\" \/>\n<link rel=\"canonical\" href=\"https:\/\/festivalpacodeluciamallorca.com\/ca\/\" \/>\n<meta property=\"og:locale\" content=\"ca_ES\" \/>\n<meta property=\"og:type\" content=\"article\" \/>\n<meta property=\"og:title\" content=\"Festival Paco de Luc\u00eda Mallorca Palma Flamenca 2026 - Festival Paco de Luc\u00eda Mallorca\" \/>\n<meta property=\"og:description\" content=\"WEB EN RE-CONSTRUCCI\u00d3N \u00a1COMING SOON! CONTACTO INSTAGRAM\" \/>\n<meta property=\"og:url\" content=\"https:\/\/festivalpacodeluciamallorca.com\/ca\/\" \/>\n<meta property=\"og:site_name\" content=\"Festival Paco de Luc\u00eda Mallorca\" \/>\n<meta property=\"article:publisher\" content=\"https:\/\/www.facebook.com\/festivalpacodeluciamallorca\" \/>\n<meta property=\"article:modified_time\" content=\"2026-03-17T08:43:02+00:00\" \/>\n<meta property=\"og:image\" content=\"https:\/\/festivalpacodeluciamallorca.com\/wp-content\/uploads\/2024\/08\/Diseno-sin-titulo-65.png\" \/>\n<meta name=\"twitter:card\" content=\"summary_large_image\" \/>\n<meta name=\"twitter:label1\" content=\"Est. reading time\" \/>\n\t<meta name=\"twitter:data1\" content=\"3 minutes\" \/>\n<script type=\"application\/ld+json\" class=\"yoast-schema-graph\">{\"@context\":\"https:\\\/\\\/schema.org\",\"@graph\":[{\"@type\":\"WebPage\",\"@id\":\"https:\\\/\\\/festivalpacodeluciamallorca.com\\\/ca\\\/\",\"url\":\"https:\\\/\\\/festivalpacodeluciamallorca.com\\\/ca\\\/\",\"name\":\"Festival Paco de Luc\u00eda Mallorca Palma Flamenca 2026 - Festival Paco de Luc\u00eda Mallorca\",\"isPartOf\":{\"@id\":\"https:\\\/\\\/festivalpacodeluciamallorca.com\\\/ca\\\/#website\"},\"primaryImageOfPage\":{\"@id\":\"https:\\\/\\\/festivalpacodeluciamallorca.com\\\/ca\\\/#primaryimage\"},\"image\":{\"@id\":\"https:\\\/\\\/festivalpacodeluciamallorca.com\\\/#primaryimage\"},\"thumbnailUrl\":\"https:\\\/\\\/festivalpacodeluciamallorca.com\\\/wp-content\\\/uploads\\\/2024\\\/08\\\/Diseno-sin-titulo-65.png\",\"datePublished\":\"2025-02-19T17:36:15+00:00\",\"dateModified\":\"2026-03-17T08:43:02+00:00\",\"breadcrumb\":{\"@id\":\"https:\\\/\\\/festivalpacodeluciamallorca.com\\\/ca\\\/#breadcrumb\"},\"inLanguage\":\"ca-ES\",\"potentialAction\":[{\"@type\":\"ReadAction\",\"target\":[[\"https:\\\/\\\/festivalpacodeluciamallorca.com\\\/ca\\\/\"]]}]},{\"@type\":\"ImageObject\",\"inLanguage\":\"ca-ES\",\"@id\":\"https:\\\/\\\/festivalpacodeluciamallorca.com\\\/ca\\\/#primaryimage\",\"url\":\"https:\\\/\\\/festivalpacodeluciamallorca.com\\\/wp-content\\\/uploads\\\/2024\\\/08\\\/Diseno-sin-titulo-65.png\",\"contentUrl\":\"https:\\\/\\\/festivalpacodeluciamallorca.com\\\/wp-content\\\/uploads\\\/2024\\\/08\\\/Diseno-sin-titulo-65.png\"},{\"@type\":\"BreadcrumbList\",\"@id\":\"https:\\\/\\\/festivalpacodeluciamallorca.com\\\/ca\\\/#breadcrumb\",\"itemListElement\":[{\"@type\":\"ListItem\",\"position\":1,\"name\":\"Portada\",\"item\":\"https:\\\/\\\/festivalpacodeluciamallorca.com\\\/ca\\\/\"},{\"@type\":\"ListItem\",\"position\":2,\"name\":\"Festival Paco de Luc\u00eda Mallorca Palma Flamenca 2026\"}]},{\"@type\":\"WebSite\",\"@id\":\"https:\\\/\\\/festivalpacodeluciamallorca.com\\\/ca\\\/#website\",\"url\":\"https:\\\/\\\/festivalpacodeluciamallorca.com\\\/ca\\\/\",\"name\":\"Festival Paco de Luc\u00eda Mallorca\",\"description\":\"[:es]EDICI\u00d3N IV 2025[:ca]EDICI\u00d3 IV 2025[:]\",\"publisher\":{\"@id\":\"https:\\\/\\\/festivalpacodeluciamallorca.com\\\/ca\\\/#organization\"},\"potentialAction\":[{\"@type\":\"SearchAction\",\"target\":{\"@type\":\"EntryPoint\",\"urlTemplate\":\"https:\\\/\\\/festivalpacodeluciamallorca.com\\\/ca\\\/?s={search_term_string}\"},\"query-input\":{\"@type\":\"PropertyValueSpecification\",\"valueRequired\":true,\"valueName\":\"search_term_string\"}}],\"inLanguage\":\"ca-ES\"},{\"@type\":\"Organization\",\"@id\":\"https:\\\/\\\/festivalpacodeluciamallorca.com\\\/ca\\\/#organization\",\"name\":\"Fundaci\u00f3n Paco de Luc\u00eda\",\"url\":\"https:\\\/\\\/festivalpacodeluciamallorca.com\\\/ca\\\/\",\"logo\":{\"@type\":\"ImageObject\",\"inLanguage\":\"ca-ES\",\"@id\":\"https:\\\/\\\/festivalpacodeluciamallorca.com\\\/ca\\\/#\\\/schema\\\/logo\\\/image\\\/\",\"url\":\"https:\\\/\\\/festivalpacodeluciamallorca.com\\\/wp-content\\\/uploads\\\/2022\\\/01\\\/5-2.png\",\"contentUrl\":\"https:\\\/\\\/festivalpacodeluciamallorca.com\\\/wp-content\\\/uploads\\\/2022\\\/01\\\/5-2.png\",\"width\":500,\"height\":200,\"caption\":\"Fundaci\u00f3n Paco de Luc\u00eda\"},\"image\":{\"@id\":\"https:\\\/\\\/festivalpacodeluciamallorca.com\\\/ca\\\/#\\\/schema\\\/logo\\\/image\\\/\"},\"sameAs\":[\"https:\\\/\\\/www.facebook.com\\\/festivalpacodeluciamallorca\",\"https:\\\/\\\/www.instagram.com\\\/festivalpacodeluciamallorca\\\/\"]}]}<\/script>\n<!-- \/ Yoast SEO plugin. -->","yoast_head_json":{"title":"Festival Paco de Luc\u00eda Mallorca Palma Flamenca 2026 - Festival Paco de Luc\u00eda Mallorca","robots":{"index":"index","follow":"follow","max-snippet":"max-snippet:-1","max-image-preview":"max-image-preview:large","max-video-preview":"max-video-preview:-1"},"canonical":"https:\/\/festivalpacodeluciamallorca.com\/ca\/","og_locale":"ca_ES","og_type":"article","og_title":"Festival Paco de Luc\u00eda Mallorca Palma Flamenca 2026 - Festival Paco de Luc\u00eda Mallorca","og_description":"WEB EN RE-CONSTRUCCI\u00d3N \u00a1COMING SOON! CONTACTO INSTAGRAM","og_url":"https:\/\/festivalpacodeluciamallorca.com\/ca\/","og_site_name":"Festival Paco de Luc\u00eda Mallorca","article_publisher":"https:\/\/www.facebook.com\/festivalpacodeluciamallorca","article_modified_time":"2026-03-17T08:43:02+00:00","og_image":[{"url":"https:\/\/festivalpacodeluciamallorca.com\/wp-content\/uploads\/2024\/08\/Diseno-sin-titulo-65.png","type":"","width":"","height":""}],"twitter_card":"summary_large_image","twitter_misc":{"Est. reading time":"3 minutes"},"schema":{"@context":"https:\/\/schema.org","@graph":[{"@type":"WebPage","@id":"https:\/\/festivalpacodeluciamallorca.com\/ca\/","url":"https:\/\/festivalpacodeluciamallorca.com\/ca\/","name":"Festival Paco de Luc\u00eda Mallorca Palma Flamenca 2026 - Festival Paco de Luc\u00eda Mallorca","isPartOf":{"@id":"https:\/\/festivalpacodeluciamallorca.com\/ca\/#website"},"primaryImageOfPage":{"@id":"https:\/\/festivalpacodeluciamallorca.com\/ca\/#primaryimage"},"image":{"@id":"https:\/\/festivalpacodeluciamallorca.com\/#primaryimage"},"thumbnailUrl":"https:\/\/festivalpacodeluciamallorca.com\/wp-content\/uploads\/2024\/08\/Diseno-sin-titulo-65.png","datePublished":"2025-02-19T17:36:15+00:00","dateModified":"2026-03-17T08:43:02+00:00","breadcrumb":{"@id":"https:\/\/festivalpacodeluciamallorca.com\/ca\/#breadcrumb"},"inLanguage":"ca-ES","potentialAction":[{"@type":"ReadAction","target":[["https:\/\/festivalpacodeluciamallorca.com\/ca\/"]]}]},{"@type":"ImageObject","inLanguage":"ca-ES","@id":"https:\/\/festivalpacodeluciamallorca.com\/ca\/#primaryimage","url":"https:\/\/festivalpacodeluciamallorca.com\/wp-content\/uploads\/2024\/08\/Diseno-sin-titulo-65.png","contentUrl":"https:\/\/festivalpacodeluciamallorca.com\/wp-content\/uploads\/2024\/08\/Diseno-sin-titulo-65.png"},{"@type":"BreadcrumbList","@id":"https:\/\/festivalpacodeluciamallorca.com\/ca\/#breadcrumb","itemListElement":[{"@type":"ListItem","position":1,"name":"Portada","item":"https:\/\/festivalpacodeluciamallorca.com\/ca\/"},{"@type":"ListItem","position":2,"name":"Festival Paco de Luc\u00eda Mallorca Palma Flamenca 2026"}]},{"@type":"WebSite","@id":"https:\/\/festivalpacodeluciamallorca.com\/ca\/#website","url":"https:\/\/festivalpacodeluciamallorca.com\/ca\/","name":"Festival Paco de Luc\u00eda Mallorca","description":"[:es]EDICI\u00d3N IV 2025[:ca]EDICI\u00d3 IV 2025[:]","publisher":{"@id":"https:\/\/festivalpacodeluciamallorca.com\/ca\/#organization"},"potentialAction":[{"@type":"SearchAction","target":{"@type":"EntryPoint","urlTemplate":"https:\/\/festivalpacodeluciamallorca.com\/ca\/?s={search_term_string}"},"query-input":{"@type":"PropertyValueSpecification","valueRequired":true,"valueName":"search_term_string"}}],"inLanguage":"ca-ES"},{"@type":"Organization","@id":"https:\/\/festivalpacodeluciamallorca.com\/ca\/#organization","name":"Fundaci\u00f3n Paco de Luc\u00eda","url":"https:\/\/festivalpacodeluciamallorca.com\/ca\/","logo":{"@type":"ImageObject","inLanguage":"ca-ES","@id":"https:\/\/festivalpacodeluciamallorca.com\/ca\/#\/schema\/logo\/image\/","url":"https:\/\/festivalpacodeluciamallorca.com\/wp-content\/uploads\/2022\/01\/5-2.png","contentUrl":"https:\/\/festivalpacodeluciamallorca.com\/wp-content\/uploads\/2022\/01\/5-2.png","width":500,"height":200,"caption":"Fundaci\u00f3n Paco de Luc\u00eda"},"image":{"@id":"https:\/\/festivalpacodeluciamallorca.com\/ca\/#\/schema\/logo\/image\/"},"sameAs":["https:\/\/www.facebook.com\/festivalpacodeluciamallorca","https:\/\/www.instagram.com\/festivalpacodeluciamallorca\/"]}]}},"grid":"{\"colCount\":21,\"colGutter\":12,\"rowGutters\":[12,12,12,12,12,12,24,12,12,12,12,40,12,12,12,12,40,12,12,12,12,24,24,40,24,24,24,24],\"frameMargin\":5,\"leftFrameMargin\":24,\"rightFrameMargin\":24,\"topFrameMargin\":24,\"mus\":{\"colGutterMu\":\"px\",\"rowGutterMu\":\"px\",\"topFrameMu\":\"px\",\"bottomFrameMu\":\"px\",\"frameMu\":\"px\"},\"bottomFrameMargin\":80,\"rowAttrs\":[{\"row100vh\":false,\"rowcustomheight\":\"75vh\",\"relid\":11},{\"relid\":3},{\"relid\":28},{\"relid\":135},{\"relid\":29},{\"rowcustomheight\":\"\",\"relid\":1},{\"relid\":27},{\"relid\":236},{\"relid\":235},{\"relid\":234},{\"relid\":233},{\"relid\":244},{\"relid\":12},{\"relid\":14},{\"relid\":137},{\"relid\":21},{\"relid\":22},{\"relid\":147},{\"relid\":148},{\"relid\":152},{\"relid\":154},{\"relid\":156},{\"relid\":158},{\"relid\":145},{\"relid\":33},{\"relid\":37},{\"relid\":39},{\"relid\":41},{\"relid\":43}],\"bgColor\":null,\"bgImage\":{\"attid\":727,\"url\":\"\/wp-content\/uploads\/2026\/02\/2025Background.png\",\"sizes\":{\"_3200\":{\"w\":3200,\"h\":9427,\"url\":\"\/wp-content\/uploads\/2026\/02\/2025Background-3200x9427.png\"},\"_2560\":{\"w\":2560,\"h\":7541,\"url\":\"\/wp-content\/uploads\/2026\/02\/2025Background-2560x7541.png\"},\"_1920\":{\"w\":1920,\"h\":5656,\"url\":\"\/wp-content\/uploads\/2026\/02\/2025Background-1920x5656.png\"},\"_1280\":{\"w\":1280,\"h\":3771,\"url\":\"\/wp-content\/uploads\/2026\/02\/2025Background-1280x3771.png\"},\"_1024\":{\"w\":1024,\"h\":3017,\"url\":\"\/wp-content\/uploads\/2026\/02\/2025Background-1024x3017.png\"},\"_768\":{\"w\":768,\"h\":2262,\"url\":\"\/wp-content\/uploads\/2026\/02\/2025Background-768x2262.png\"},\"_512\":{\"w\":512,\"h\":1508,\"url\":\"\/wp-content\/uploads\/2026\/02\/2025Background-512x1508.png\"},\"_265\":{\"w\":265,\"h\":781,\"url\":\"\/wp-content\/uploads\/2026\/02\/2025Background-265x781.png\"}}},\"bgVideo\":null,\"cont\":[{\"type\":\"text\",\"cont\":\"<p style=\\\"text-align: center;\\\"><span style=\\\"font-size: 16px;\\\">PROGRAMACI\\u00d3 2026 | PART I<\/span><\/p>\",\"align\":\"bottom\",\"row\":0,\"col\":0,\"colspan\":21,\"offsetx\":0,\"offsety\":0,\"spaceabove\":0,\"spacebelow\":5,\"yvel\":1,\"push\":0,\"relid\":201,\"absolute_position\":true,\"spacebelowMu\":\"%\"},{\"type\":\"hr\",\"cont\":\"\",\"align\":\"top\",\"row\":1,\"col\":0,\"colspan\":21,\"offsetx\":0,\"offsety\":0,\"spaceabove\":0,\"spacebelow\":0,\"yvel\":1,\"push\":0,\"relid\":6,\"absolute_position\":false,\"frameOverflow\":\"both\"},{\"type\":\"text\",\"cont\":\"<p style=\\\"text-align: left;\\\"><span style=\\\"color: #fffff8; font-size: 14px;\\\">13.03.26<\/span><\/p>\",\"align\":\"top\",\"row\":2,\"col\":0,\"colspan\":2,\"offsetx\":0,\"offsety\":0,\"spaceabove\":0,\"spacebelow\":0,\"yvel\":1,\"push\":0,\"relid\":2,\"absolute_position\":false,\"dosync\":false},{\"type\":\"text\",\"cont\":\"<p style=\\\"text-align: center;\\\"><span style=\\\"font-weight: 400; color: #ffffff; font-size: 14px;\\\">TEATRE PRINCIPAL DE PALMA<\/span><\/p>\",\"align\":\"top\",\"row\":2,\"col\":4,\"colspan\":13,\"offsetx\":0,\"offsety\":0,\"spaceabove\":0,\"spacebelow\":0,\"yvel\":1,\"push\":2,\"relid\":9,\"absolute_position\":false,\"frameOverflow\":\"\"},{\"type\":\"text\",\"cont\":\"<p style=\\\"text-align: right;\\\"><span style=\\\"color: #fffff8; font-size: 14px;\\\">20.00h<\/span><\/p>\",\"align\":\"top\",\"row\":2,\"col\":19,\"colspan\":2,\"offsetx\":0,\"offsety\":0,\"spaceabove\":0,\"spacebelow\":0,\"yvel\":1,\"push\":2,\"relid\":10,\"absolute_position\":false},{\"type\":\"hr\",\"cont\":\"\",\"align\":\"top\",\"row\":3,\"col\":0,\"colspan\":21,\"offsetx\":0,\"offsety\":0,\"spaceabove\":0,\"spacebelow\":0,\"yvel\":1,\"push\":0,\"relid\":136,\"absolute_position\":false,\"frameOverflow\":\"both\"},{\"type\":\"text\",\"cont\":\"<p style=\\\"text-align: center;\\\"><a data-hoverimageid=\\\"738\\\" data-hoverimagesmallsrc=\\\"\/wp-content\/uploads\/2026\/02\/Group-1000003780-265x128.png\\\" data-hoverimagetype=\\\"image\\\"><span style=\\\"font-size: 28px;\\\"><strong><span style=\\\"color: #fffff8;\\\">GRAN GALA INAUGURAL V ANIVERSARI<\/span><\/strong><\/span><\/a><\/p>\",\"align\":\"top\",\"row\":4,\"col\":2,\"colspan\":17,\"offsetx\":0,\"offsety\":0,\"spaceabove\":0,\"spacebelow\":0,\"yvel\":1,\"push\":2,\"relid\":7,\"absolute_position\":false,\"frameOverflow\":\"\",\"dosync\":false},{\"type\":\"text\",\"cont\":\"<p style=\\\"text-align: center;\\\"><span style=\\\"font-weight: 400; color: #ffffff; font-size: 14px;\\\">Mar\\u00eda Terremoto + <br \/>artista convidada mala rodr\\u00edguez <\/span><\/p>\",\"align\":\"top\",\"row\":5,\"col\":2,\"colspan\":17,\"offsetx\":0,\"offsety\":0,\"spaceabove\":0,\"spacebelow\":0,\"yvel\":1,\"push\":2,\"relid\":8,\"absolute_position\":false,\"frameOverflow\":\"\"},{\"type\":\"text\",\"cont\":\"<p style=\\\"text-align: center;\\\"><a class=\\\"laybutton1 laybutton\\\" rel=\\\"noopener\\\" href=\\\"https:\/\/www.teatreprincipal.com\/es\/programaci\\u00f3n\/espect\\u00e1culos\/mar\\u00eda-terremoto\/\\\" target=\\\"_blank\\\"><span style=\\\"font-weight: 400;\\\">ENTRADES<\/span><\/a><\/p>\",\"align\":\"top\",\"row\":6,\"col\":0,\"colspan\":21,\"offsetx\":0,\"offsety\":0,\"spaceabove\":0,\"spacebelow\":0,\"yvel\":1,\"push\":0,\"relid\":32,\"absolute_position\":false,\"frameOverflow\":\"\"},{\"type\":\"hr\",\"cont\":\"\",\"align\":\"top\",\"row\":7,\"col\":0,\"colspan\":21,\"offsetx\":0,\"offsety\":0,\"spaceabove\":0,\"spacebelow\":0,\"yvel\":1,\"push\":0,\"relid\":237,\"absolute_position\":false,\"frameOverflow\":\"both\"},{\"type\":\"text\",\"cont\":\"<p style=\\\"text-align: left;\\\"><span style=\\\"color: #fffff8; font-size: 14px;\\\">15.05.26<\/span><\/p>\",\"align\":\"top\",\"row\":8,\"col\":0,\"colspan\":2,\"offsetx\":0,\"offsety\":0,\"spaceabove\":0,\"spacebelow\":0,\"yvel\":1,\"push\":0,\"relid\":238,\"absolute_position\":false,\"frameOverflow\":\"\"},{\"type\":\"text\",\"cont\":\"<p style=\\\"text-align: center;\\\"><span style=\\\"font-weight: 400; color: #ffffff; font-size: 14px;\\\">ES GREMI<\/span><\/p>\",\"align\":\"top\",\"row\":8,\"col\":4,\"colspan\":13,\"offsetx\":0,\"offsety\":0,\"spaceabove\":0,\"spacebelow\":0,\"yvel\":1,\"push\":2,\"relid\":239,\"absolute_position\":false},{\"type\":\"text\",\"cont\":\"<p style=\\\"text-align: right;\\\"><span style=\\\"color: #fffff8; font-size: 14px;\\\">20.00h<\/span><\/p>\",\"align\":\"top\",\"row\":8,\"col\":18,\"colspan\":3,\"offsetx\":0,\"offsety\":0,\"spaceabove\":0,\"spacebelow\":0,\"yvel\":1,\"push\":1,\"relid\":246,\"absolute_position\":false},{\"type\":\"hr\",\"cont\":\"\",\"align\":\"top\",\"row\":9,\"col\":0,\"colspan\":21,\"offsetx\":0,\"offsety\":0,\"spaceabove\":0,\"spacebelow\":0,\"yvel\":1,\"push\":0,\"relid\":241,\"absolute_position\":false,\"frameOverflow\":\"both\"},{\"type\":\"text\",\"cont\":\"<p style=\\\"text-align: center;\\\"><a data-hoverimageid=\\\"739\\\" data-hoverimagesmallsrc=\\\"\/wp-content\/uploads\/2026\/02\/latania-265x265.png\\\" data-hoverimagetype=\\\"image\\\"><span style=\\\"font-size: 28px;\\\"><strong><span style=\\\"color: #fffff8;\\\">la tania<\/span><\/strong><\/span><\/a><\/p>\",\"align\":\"top\",\"row\":10,\"col\":2,\"colspan\":17,\"offsetx\":0,\"offsety\":0,\"spaceabove\":0,\"spacebelow\":0,\"yvel\":1,\"push\":2,\"relid\":242,\"absolute_position\":false,\"frameOverflow\":\"\",\"dosync\":false},{\"type\":\"text\",\"cont\":\"<p style=\\\"text-align: center;\\\"><a class=\\\"laybutton1 laybutton\\\" rel=\\\"noopener\\\" href=\\\"https:\/\/google.com\/url?q=https:\/\/esgremi.com\/evento\/festival-paco-de-lucia-con-la-tania\/&amp;source=gmail&amp;ust=1770666226927000&amp;usg=AOvVaw2EkQjSy7vaXljfEKI9B68X\\\" target=\\\"_blank\\\"><span style=\\\"font-weight: 400;\\\">ENTRADES<\/span><\/a><\/p>\",\"align\":\"top\",\"row\":11,\"col\":2,\"colspan\":17,\"offsetx\":0,\"offsety\":0,\"spaceabove\":0,\"spacebelow\":0,\"yvel\":1,\"push\":2,\"relid\":245,\"absolute_position\":false,\"frameOverflow\":\"\"},{\"type\":\"hr\",\"cont\":\"\",\"align\":\"top\",\"row\":12,\"col\":0,\"colspan\":21,\"offsetx\":0,\"offsety\":0,\"spaceabove\":0,\"spacebelow\":0,\"yvel\":1,\"push\":0,\"relid\":13,\"absolute_position\":false,\"frameOverflow\":\"both\"},{\"type\":\"text\",\"cont\":\"<p style=\\\"text-align: left;\\\"><span style=\\\"color: #fffff8; font-size: 14px;\\\">19.03.26<\/span><\/p>\",\"align\":\"top\",\"row\":13,\"col\":0,\"colspan\":3,\"offsetx\":0,\"offsety\":0,\"spaceabove\":0,\"spacebelow\":0,\"yvel\":1,\"push\":0,\"relid\":15,\"absolute_position\":false,\"frameOverflow\":\"\"},{\"type\":\"text\",\"cont\":\"<p style=\\\"text-align: center;\\\"><span style=\\\"font-weight: 400; color: #ffffff; font-size: 14px;\\\">ALJUB ES BALUARD MUSEU\\u00a0<\/span><\/p>\",\"align\":\"top\",\"row\":13,\"col\":7,\"colspan\":7,\"offsetx\":0,\"offsety\":0,\"spaceabove\":0,\"spacebelow\":0,\"yvel\":1,\"push\":4,\"relid\":18,\"absolute_position\":false},{\"type\":\"text\",\"cont\":\"<p style=\\\"text-align: right;\\\"><span style=\\\"color: #fffff8; font-size: 14px;\\\">doble sessi\\u00f3<\/span><\/p>\",\"align\":\"top\",\"row\":13,\"col\":18,\"colspan\":3,\"offsetx\":0,\"offsety\":0,\"spaceabove\":0,\"spacebelow\":0,\"yvel\":1,\"push\":4,\"relid\":19,\"absolute_position\":false,\"frameOverflow\":\"\"},{\"type\":\"hr\",\"cont\":\"\",\"align\":\"top\",\"row\":14,\"col\":0,\"colspan\":21,\"offsetx\":0,\"offsety\":0,\"spaceabove\":0,\"spacebelow\":0,\"yvel\":1,\"push\":0,\"relid\":138,\"absolute_position\":false,\"frameOverflow\":\"both\"},{\"type\":\"text\",\"cont\":\"<p style=\\\"text-align: center;\\\"><a data-hoverimageid=\\\"740\\\" data-hoverimagesmallsrc=\\\"\/wp-content\/uploads\/2026\/02\/mercedeslujanrancapinochico-265x128.png\\\" data-hoverimagetype=\\\"image\\\"><span style=\\\"font-size: 28px;\\\"><strong><span style=\\\"color: #fffff8;\\\">MeRCEDES LUJ\\u00c1N I<br \/>RANCAPINO CHICO<br \/><\/span><\/strong><\/span><\/a><\/p><p style=\\\"text-align: center;\\\"><span style=\\\"font-weight: 400; color: #ffffff; font-size: 14px;\\\">PRIMERA SESSI\\u00d3 20H\\u00a0 | SEGONA SESSI\\u00d3 21.30H<\/span><\/p><p style=\\\"text-align: center;\\\"><a data-hoverimageid=\\\"740\\\" data-hoverimagesmallsrc=\\\"\/wp-content\/uploads\/2026\/02\/mercedeslujanrancapinochico-265x128.png\\\" data-hoverimagetype=\\\"image\\\"><span style=\\\"font-size: 28px;\\\"><strong><span style=\\\"color: #fffff8;\\\">\\u00a0<\/span><\/strong><\/span><\/a><\/p>\",\"align\":\"middle\",\"row\":15,\"col\":2,\"colspan\":17,\"offsetx\":0,\"offsety\":0,\"spaceabove\":0,\"spacebelow\":0,\"yvel\":1,\"push\":2,\"relid\":16,\"absolute_position\":false,\"frameOverflow\":\"\",\"dosync\":false},{\"type\":\"text\",\"cont\":\"<p style=\\\"text-align: center;\\\"><a class=\\\"laybutton1 laybutton\\\" rel=\\\"noopener\\\" href=\\\"https:\/\/www.notikumi.com\/channel\/festival-paco-de-lucia-mallorca-palma-flamenca\/2026\/3\/19\/mercedes-lujan-y-rancapino-chico-v-festival-paco-de-lucia-mallorca-palma-flamenca\\\" target=\\\"_blank\\\"><span style=\\\"font-weight: 400;\\\">ENTRADES 1A SESSI\\u00d3<\/span><\/a><\/p>\",\"align\":\"top\",\"row\":16,\"col\":7,\"colspan\":3,\"offsetx\":0,\"offsety\":0,\"spaceabove\":0,\"spacebelow\":0,\"yvel\":1,\"push\":7,\"relid\":23,\"absolute_position\":false,\"frameOverflow\":\"\"},{\"type\":\"text\",\"cont\":\"<p style=\\\"text-align: center;\\\"><a class=\\\"laybutton1 laybutton\\\" rel=\\\"noopener\\\" href=\\\"https:\/\/www.notikumi.com\/channel\/festival-paco-de-lucia-mallorca-palma-flamenca\/2026\/3\/19\/2-sesion-mercedes-lujan-y-rancapino-chico-v-festival-paco-de-lucia-mallorca-palma-flamenca\\\" target=\\\"_blank\\\"><span style=\\\"font-weight: 400;\\\">ENTRADES 2A SESSI\\u00d3<\/span><\/a><\/p>\",\"align\":\"top\",\"row\":16,\"col\":11,\"colspan\":3,\"offsetx\":0,\"offsety\":0,\"spaceabove\":0,\"spacebelow\":0,\"yvel\":1,\"push\":1,\"relid\":54,\"absolute_position\":false,\"frameOverflow\":\"\"},{\"type\":\"hr\",\"cont\":\"\",\"align\":\"top\",\"row\":17,\"col\":0,\"colspan\":21,\"offsetx\":0,\"offsety\":0,\"spaceabove\":0,\"spacebelow\":0,\"yvel\":1,\"push\":0,\"relid\":149,\"absolute_position\":false,\"frameOverflow\":\"both\"},{\"type\":\"text\",\"cont\":\"<p style=\\\"text-align: left;\\\"><span style=\\\"color: #fffff8; font-size: 14px;\\\">21.03.26<\/span><\/p>\",\"align\":\"top\",\"row\":18,\"col\":0,\"colspan\":3,\"offsetx\":0,\"offsety\":0,\"spaceabove\":0,\"spacebelow\":0,\"yvel\":1,\"push\":0,\"relid\":150,\"absolute_position\":false,\"frameOverflow\":\"\"},{\"type\":\"text\",\"cont\":\"<p style=\\\"text-align: center;\\\"><span style=\\\"font-weight: 400; color: #ffffff; font-size: 14px;\\\">fundaci\\u00f3 mir\\u00f3 mallorca<\/span><\/p>\",\"align\":\"top\",\"row\":18,\"col\":4,\"colspan\":13,\"offsetx\":0,\"offsety\":0,\"spaceabove\":0,\"spacebelow\":0,\"yvel\":1,\"push\":1,\"relid\":160,\"absolute_position\":false,\"frameOverflow\":\"\"},{\"type\":\"text\",\"cont\":\"<p style=\\\"text-align: right;\\\"><span style=\\\"color: #fffff8; font-size: 14px;\\\">10.00h<\/span><\/p>\",\"align\":\"top\",\"row\":18,\"col\":18,\"colspan\":3,\"offsetx\":0,\"offsety\":0,\"spaceabove\":0,\"spacebelow\":0,\"yvel\":1,\"push\":1,\"relid\":151,\"absolute_position\":false,\"frameOverflow\":\"\"},{\"type\":\"hr\",\"cont\":\"\",\"align\":\"top\",\"row\":19,\"col\":0,\"colspan\":21,\"offsetx\":0,\"offsety\":0,\"spaceabove\":0,\"spacebelow\":0,\"yvel\":1,\"push\":0,\"relid\":153,\"absolute_position\":false,\"frameOverflow\":\"both\"},{\"type\":\"text\",\"cont\":\"<p style=\\\"text-align: center;\\\"><span style=\\\"font-size: 28px;\\\"><strong><span style=\\\"color: #fffff8;\\\"><a data-hoverimageid=\\\"741\\\" data-hoverimagesmallsrc=\\\"\/wp-content\/uploads\/2026\/02\/tonivichtriofangursulapomar-265x127.png\\\" data-hoverimagetype=\\\"image\\\"><span>TONI VICH (TRIOFANG) <br \/>I \\u00daRSULA POMAR<\/span><\/a><\/span><\/strong><\/span><\/p>\",\"align\":\"middle\",\"row\":20,\"col\":2,\"colspan\":17,\"offsetx\":0,\"offsety\":0,\"spaceabove\":0,\"spacebelow\":0,\"yvel\":1,\"push\":2,\"relid\":155,\"absolute_position\":false,\"frameOverflow\":\"\",\"dosync\":false},{\"type\":\"text\",\"cont\":\"<p style=\\\"text-align: center;\\\"><span style=\\\"font-weight: 400; color: #ffffff; font-size: 14px;\\\">CONCERT &amp; WORKSHOP DE FLAUTES I OCARINES CER\\u00c0MIQUES <\/span><\/p>\",\"align\":\"top\",\"row\":21,\"col\":2,\"colspan\":17,\"offsetx\":0,\"offsety\":0,\"spaceabove\":0,\"spacebelow\":0,\"yvel\":1,\"push\":2,\"relid\":157,\"absolute_position\":false},{\"type\":\"text\",\"cont\":\"<p style=\\\"text-align: center;\\\"><a class=\\\"laybutton1 laybutton\\\" rel=\\\"noopener\\\" href=\\\"https:\/\/www.notikumi.com\/channel\/festival-paco-de-lucia-mallorca-palma-flamenca\/2026\/3\/21\/concierto-workshop-de-flautas-y-ocarinas-de-ceramica-toni-vich-triofang-y-ursula-pomar-v-festival-paco-de-lucia-mallorca\\\" target=\\\"_blank\\\"><span style=\\\"font-weight: 400;\\\">entrades<\/span><\/a><\/p>\",\"align\":\"top\",\"row\":22,\"col\":2,\"colspan\":17,\"offsetx\":0,\"offsety\":0,\"spaceabove\":0,\"spacebelow\":0,\"yvel\":1,\"push\":2,\"relid\":159,\"absolute_position\":false},{\"type\":\"hr\",\"cont\":\"\",\"align\":\"top\",\"row\":23,\"col\":0,\"colspan\":21,\"offsetx\":0,\"offsety\":0,\"spaceabove\":0,\"spacebelow\":0,\"yvel\":1,\"push\":0,\"relid\":146,\"absolute_position\":false,\"frameOverflow\":\"both\"},{\"type\":\"text\",\"cont\":\"<p style=\\\"text-align: left;\\\"><span style=\\\"color: #fffff8; font-size: 14px;\\\">17.03.26<\/span><\/p>\",\"align\":\"top\",\"row\":24,\"col\":0,\"colspan\":3,\"offsetx\":0,\"offsety\":0,\"spaceabove\":0,\"spacebelow\":0,\"yvel\":1,\"push\":0,\"relid\":36,\"absolute_position\":false,\"frameOverflow\":\"\"},{\"type\":\"text\",\"cont\":\"<p style=\\\"text-align: center;\\\"><span style=\\\"font-weight: 400; color: #ffffff; font-size: 14px;\\\">TEATRE MUNICIPAL XESC FORTEZA<\/span><\/p>\",\"align\":\"top\",\"row\":24,\"col\":4,\"colspan\":13,\"offsetx\":0,\"offsety\":0,\"spaceabove\":0,\"spacebelow\":0,\"yvel\":1,\"push\":1,\"relid\":34,\"absolute_position\":false,\"frameOverflow\":\"\"},{\"type\":\"text\",\"cont\":\"<p style=\\\"text-align: right;\\\"><span style=\\\"color: #fffff8; font-size: 14px;\\\">20.00h<\/span><\/p>\",\"align\":\"top\",\"row\":24,\"col\":18,\"colspan\":3,\"offsetx\":0,\"offsety\":0,\"spaceabove\":0,\"spacebelow\":0,\"yvel\":1,\"push\":1,\"relid\":35,\"absolute_position\":false,\"frameOverflow\":\"\"},{\"type\":\"text\",\"cont\":\"<p style=\\\"text-align: center;\\\"><span style=\\\"font-size: 28px;\\\"><b>ALICIA GIBERT<\/b><\/span><\/p>\",\"align\":\"middle\",\"row\":25,\"col\":2,\"colspan\":17,\"offsetx\":0,\"offsety\":0,\"spaceabove\":0,\"spacebelow\":0,\"yvel\":1,\"push\":2,\"relid\":38,\"absolute_position\":false,\"frameOverflow\":\"\",\"dosync\":false},{\"type\":\"text\",\"cont\":\"<p style=\\\"text-align: center;\\\"><span style=\\\"font-weight: 400; color: #ffffff; font-size: 14px;\\\">GUANYADORA III beca j\\u00f3venes talentos<\/span><\/p>\",\"align\":\"top\",\"row\":26,\"col\":2,\"colspan\":17,\"offsetx\":0,\"offsety\":0,\"spaceabove\":0,\"spacebelow\":0,\"yvel\":1,\"push\":2,\"relid\":40,\"absolute_position\":false,\"frameOverflow\":\"\"},{\"type\":\"text\",\"cont\":\"<p style=\\\"text-align: center;\\\"><a class=\\\"laybutton1 laybutton\\\" rel=\\\"noopener\\\" href=\\\"https:\/\/www.giglon.com\/todos?idEvent=beca--jovenes-talentos-paco-de-lucia-v-edicion-festival-paco-de-lucia-palma\\\" target=\\\"_blank\\\"><span style=\\\"font-weight: 400;\\\">entrades<\/span><\/a><\/p>\",\"align\":\"top\",\"row\":27,\"col\":2,\"colspan\":17,\"offsetx\":0,\"offsety\":0,\"spaceabove\":0,\"spacebelow\":0,\"yvel\":1,\"push\":2,\"relid\":42,\"absolute_position\":false,\"frameOverflow\":\"\"},{\"type\":\"hr\",\"cont\":\"\",\"align\":\"top\",\"row\":28,\"col\":0,\"colspan\":21,\"offsetx\":0,\"offsety\":0,\"spaceabove\":0,\"spacebelow\":0,\"yvel\":1,\"push\":0,\"relid\":44,\"absolute_position\":false,\"frameOverflow\":\"both\"}]}","phonegrid":"{\"colCount\":12,\"colGutter\":1,\"rowGutters\":[5,\"2\",\"2\",\"2\",\"2\",\"5\",\"2\",\"2\",5,\"2\",\"2\",\"2\",\"2\",5,\"2\",\"10\",\"2\",\"2\",\"2\",\"2\",\"5\",\"5\",5,5,\"2\",\"2\",\"2\",\"2\",5,\"2\",5,\"10\",2,2,2,2,5,2,5],\"frameMargin\":5,\"topFrameMargin\":5,\"rightFrameMargin\":5,\"bottomFrameMargin\":\"20\",\"leftFrameMargin\":5,\"mus\":{\"colGutterMu\":\"%\",\"rowGutterMu\":\"%\",\"topFrameMu\":\"%\",\"bottomFrameMu\":\"%\",\"frameMu\":\"%\"},\"rowAttrs\":[{\"relid\":77,\"rowcustomheight\":\"30vh\",\"row100vh\":false},{\"relid\":4},{\"relid\":5},{\"relid\":84},{\"relid\":76},{\"relid\":98},{\"relid\":78},{\"relid\":79},{\"relid\":25},{\"relid\":240},{\"relid\":253},{\"relid\":252},{\"relid\":251},{\"relid\":250},{\"relid\":249},{\"relid\":247},{\"relid\":81},{\"relid\":82},{\"relid\":133},{\"relid\":83},{\"relid\":112},{\"relid\":85},{\"relid\":87},{\"relid\":55},{\"relid\":188},{\"relid\":187},{\"relid\":80},{\"relid\":31},{\"relid\":191},{\"relid\":190},{\"relid\":189},{\"relid\":30},{\"relid\":131},{\"relid\":45},{\"relid\":50},{\"relid\":46},{\"relid\":52},{\"relid\":47},{\"relid\":48},{\"relid\":49}],\"bgColor\":null,\"bgImage\":{\"attid\":727,\"url\":\"\/wp-content\/uploads\/2026\/02\/2025Background.png\",\"sizes\":{\"_3200\":{\"w\":3200,\"h\":9427,\"url\":\"\/wp-content\/uploads\/2026\/02\/2025Background-3200x9427.png\"},\"_2560\":{\"w\":2560,\"h\":7541,\"url\":\"\/wp-content\/uploads\/2026\/02\/2025Background-2560x7541.png\"},\"_1920\":{\"w\":1920,\"h\":5656,\"url\":\"\/wp-content\/uploads\/2026\/02\/2025Background-1920x5656.png\"},\"_1280\":{\"w\":1280,\"h\":3771,\"url\":\"\/wp-content\/uploads\/2026\/02\/2025Background-1280x3771.png\"},\"_1024\":{\"w\":1024,\"h\":3017,\"url\":\"\/wp-content\/uploads\/2026\/02\/2025Background-1024x3017.png\"},\"_768\":{\"w\":768,\"h\":2262,\"url\":\"\/wp-content\/uploads\/2026\/02\/2025Background-768x2262.png\"},\"_512\":{\"w\":512,\"h\":1508,\"url\":\"\/wp-content\/uploads\/2026\/02\/2025Background-512x1508.png\"},\"_265\":{\"w\":265,\"h\":781,\"url\":\"\/wp-content\/uploads\/2026\/02\/2025Background-265x781.png\"}}},\"cont\":[{\"type\":\"text\",\"cont\":\"<p style=\\\"text-align: center;\\\"><span style=\\\"font-size: 16px;\\\">PROGRAMACI\\u00d3 2026 | PART I<\/span><\/p>\",\"align\":\"bottom\",\"row\":0,\"col\":0,\"colspan\":12,\"offsetx\":0,\"offsety\":0,\"spaceabove\":0,\"spacebelow\":\"5\",\"yvel\":1,\"push\":0,\"relid\":201,\"absolute_position\":true,\"spacebelowMu\":\"%\"},{\"type\":\"hr\",\"cont\":\"\",\"align\":\"top\",\"row\":1,\"col\":0,\"colspan\":12,\"offsetx\":0,\"offsety\":0,\"spaceabove\":0,\"spacebelow\":0,\"yvel\":1,\"push\":0,\"relid\":6,\"absolute_position\":false,\"frameOverflow\":\"both\"},{\"type\":\"text\",\"cont\":\"<p style=\\\"text-align: center;\\\"><span style=\\\"color: #fffff8; font-size: 14px;\\\">13.03.26<\/span><\/p>\",\"align\":\"bottom\",\"row\":2,\"col\":0,\"colspan\":3,\"offsetx\":0,\"offsety\":0,\"spaceabove\":0,\"spacebelow\":0,\"yvel\":1,\"push\":0,\"relid\":2,\"absolute_position\":false,\"frameOverflow\":\"\",\"dosync\":false},{\"type\":\"text\",\"cont\":\"<p style=\\\"text-align: right;\\\"><span style=\\\"color: #fffff8; font-size: 14px;\\\">20:00h<\/span><\/p>\",\"align\":\"top\",\"row\":2,\"col\":9,\"colspan\":3,\"offsetx\":0,\"offsety\":0,\"spaceabove\":0,\"spacebelow\":0,\"yvel\":1,\"push\":6,\"relid\":17,\"absolute_position\":false,\"frameOverflow\":\"\"},{\"type\":\"hr\",\"cont\":\"\",\"align\":\"bottom\",\"row\":3,\"col\":0,\"colspan\":12,\"offsetx\":0,\"offsety\":0,\"spaceabove\":0,\"spacebelow\":0,\"yvel\":1,\"push\":0,\"relid\":91,\"absolute_position\":false,\"frameOverflow\":\"both\"},{\"type\":\"text\",\"cont\":\"<p style=\\\"text-align: center;\\\"><span style=\\\"font-weight: 400; color: #ffffff; font-size: 14px;\\\">TEATRE PRINCIPAL DE PALMA<\/span><\/p>\",\"align\":\"bottom\",\"row\":4,\"col\":0,\"colspan\":12,\"offsetx\":0,\"offsety\":0,\"spaceabove\":0,\"spacebelow\":0,\"yvel\":1,\"push\":0,\"relid\":9,\"absolute_position\":false},{\"type\":\"hr\",\"cont\":\"\",\"align\":\"bottom\",\"row\":5,\"col\":0,\"colspan\":12,\"offsetx\":0,\"offsety\":0,\"spaceabove\":0,\"spacebelow\":0,\"yvel\":1,\"push\":0,\"relid\":105,\"absolute_position\":false,\"frameOverflow\":\"both\"},{\"type\":\"text\",\"cont\":\"<p style=\\\"text-align: center;\\\"><a data-hoverimageid=\\\"684\\\" data-hoverimagesmallsrc=\\\"\/wp-content\/uploads\/2025\/02\/Gala-NY-265x265.png\\\" data-hoverimagetype=\\\"image\\\"><span style=\\\"font-size: 24px;\\\"><strong><span style=\\\"color: #fffff8;\\\">GRAN GALA INAUGURAL<br \/>V ANIVERSARI<\/span><\/strong><\/span><\/a><\/p>\",\"align\":\"bottom\",\"row\":6,\"col\":0,\"colspan\":12,\"offsetx\":0,\"offsety\":0,\"spaceabove\":0,\"spacebelow\":0,\"yvel\":1,\"push\":0,\"relid\":7,\"absolute_position\":false,\"dosync\":false},{\"type\":\"text\",\"cont\":\"<p style=\\\"text-align: center;\\\"><span style=\\\"font-weight: 400; color: #ffffff; font-size: 14px;\\\">Mar\\u00eda Terremoto + <br \/>artista convidada mala rodr\\u00edguez <\/span><\/p>\",\"align\":\"bottom\",\"row\":7,\"col\":0,\"colspan\":12,\"offsetx\":0,\"offsety\":0,\"spaceabove\":0,\"spacebelow\":0,\"yvel\":1,\"push\":0,\"relid\":8,\"absolute_position\":false},{\"type\":\"text\",\"cont\":\"<p style=\\\"text-align: center;\\\"><a class=\\\"laybutton1 laybutton\\\" rel=\\\"noopener\\\" href=\\\"https:\/\/www.teatreprincipal.com\/es\/programaci\\u00f3n\/espect\\u00e1culos\/mar\\u00eda-terremoto\/\\\" target=\\\"_blank\\\"><span style=\\\"font-weight: 400;\\\">ENTRADES<\/span><\/a><\/p>\",\"align\":\"middle\",\"row\":8,\"col\":0,\"colspan\":12,\"offsetx\":0,\"offsety\":0,\"spaceabove\":0,\"spacebelow\":0,\"yvel\":1,\"push\":0,\"relid\":26,\"absolute_position\":false,\"frameOverflow\":\"\"},{\"type\":\"hr\",\"cont\":\"\",\"align\":\"top\",\"row\":9,\"col\":0,\"colspan\":12,\"offsetx\":0,\"offsety\":0,\"spaceabove\":0,\"spacebelow\":0,\"yvel\":1,\"push\":0,\"relid\":254,\"absolute_position\":false,\"frameOverflow\":\"both\"},{\"type\":\"text\",\"cont\":\"<p style=\\\"text-align: left;\\\"><span style=\\\"color: #fffff8; font-size: 14px;\\\">15.05.26<\/span><\/p>\",\"align\":\"bottom\",\"row\":10,\"col\":0,\"colspan\":4,\"offsetx\":0,\"offsety\":0,\"spaceabove\":0,\"spacebelow\":0,\"yvel\":1,\"push\":0,\"relid\":257,\"absolute_position\":false,\"frameOverflow\":\"\"},{\"type\":\"text\",\"cont\":\"<p style=\\\"text-align: right;\\\"><span style=\\\"color: #fffff8; font-size: 14px;\\\">20.0h<\/span><\/p>\",\"align\":\"top\",\"row\":10,\"col\":7,\"colspan\":5,\"offsetx\":0,\"offsety\":0,\"spaceabove\":0,\"spacebelow\":0,\"yvel\":1,\"push\":3,\"relid\":258,\"absolute_position\":false},{\"type\":\"hr\",\"cont\":\"\",\"align\":\"top\",\"row\":11,\"col\":0,\"colspan\":12,\"offsetx\":0,\"offsety\":0,\"spaceabove\":0,\"spacebelow\":0,\"yvel\":1,\"push\":0,\"relid\":255,\"absolute_position\":false,\"frameOverflow\":\"both\"},{\"type\":\"text\",\"cont\":\"<p style=\\\"text-align: center;\\\"><span style=\\\"font-weight: 400; color: #ffffff; font-size: 14px;\\\">es gremi<\/span><\/p>\",\"align\":\"bottom\",\"row\":12,\"col\":0,\"colspan\":12,\"offsetx\":0,\"offsety\":0,\"spaceabove\":0,\"spacebelow\":0,\"yvel\":1,\"push\":0,\"relid\":260,\"absolute_position\":false},{\"type\":\"hr\",\"cont\":\"\",\"align\":\"top\",\"row\":13,\"col\":0,\"colspan\":12,\"offsetx\":0,\"offsety\":0,\"spaceabove\":0,\"spacebelow\":0,\"yvel\":1,\"push\":0,\"relid\":256,\"absolute_position\":false,\"frameOverflow\":\"both\"},{\"type\":\"text\",\"cont\":\"<p style=\\\"text-align: center;\\\"><a data-hoverimageid=\\\"683\\\" data-hoverimagesmallsrc=\\\"\/wp-content\/uploads\/2025\/02\/Estrella-Morente-265x265.png\\\" data-hoverimagetype=\\\"image\\\"><span style=\\\"font-size: 24px;\\\"><strong><span style=\\\"color: #fffff8;\\\">la tania<\/span><\/strong><\/span><\/a><\/p>\",\"align\":\"top\",\"row\":14,\"col\":0,\"colspan\":12,\"offsetx\":0,\"offsety\":0,\"spaceabove\":0,\"spacebelow\":0,\"yvel\":1,\"push\":0,\"relid\":259,\"absolute_position\":false,\"dosync\":false},{\"type\":\"text\",\"cont\":\"<p style=\\\"text-align: center;\\\"><a class=\\\"laybutton1 laybutton\\\" rel=\\\"noopener\\\" href=\\\"https:\/\/google.com\/url?q=https:\/\/esgremi.com\/evento\/festival-paco-de-lucia-con-la-tania\/&amp;source=gmail&amp;ust=1770666226927000&amp;usg=AOvVaw2EkQjSy7vaXljfEKI9B68X\\\" target=\\\"_blank\\\"><span style=\\\"font-weight: 400;\\\">ENTRADES<\/span><\/a><\/p>\",\"align\":\"middle\",\"row\":15,\"col\":0,\"colspan\":12,\"offsetx\":0,\"offsety\":0,\"spaceabove\":0,\"spacebelow\":0,\"yvel\":1,\"push\":0,\"relid\":20,\"absolute_position\":false},{\"type\":\"hr\",\"cont\":\"\",\"align\":\"top\",\"row\":16,\"col\":0,\"colspan\":12,\"offsetx\":0,\"offsety\":0,\"spaceabove\":0,\"spacebelow\":0,\"yvel\":1,\"push\":0,\"relid\":13,\"absolute_position\":false,\"frameOverflow\":\"both\"},{\"type\":\"text\",\"cont\":\"<p style=\\\"text-align: left;\\\"><span style=\\\"color: #fffff8; font-size: 14px;\\\">19.03.26<\/span><\/p>\",\"align\":\"bottom\",\"row\":17,\"col\":0,\"colspan\":5,\"offsetx\":0,\"offsety\":0,\"spaceabove\":0,\"spacebelow\":0,\"yvel\":1,\"push\":0,\"relid\":15,\"absolute_position\":false,\"frameOverflow\":\"\"},{\"type\":\"text\",\"cont\":\"<p style=\\\"text-align: right;\\\"><span style=\\\"color: #fffff8; font-size: 14px;\\\">doble sessi\\u00f3<\/span><\/p>\",\"align\":\"top\",\"row\":17,\"col\":7,\"colspan\":5,\"offsetx\":0,\"offsety\":0,\"spaceabove\":0,\"spacebelow\":0,\"yvel\":1,\"push\":2,\"relid\":19,\"absolute_position\":false},{\"type\":\"hr\",\"cont\":\"\",\"align\":\"top\",\"row\":18,\"col\":0,\"colspan\":12,\"offsetx\":0,\"offsety\":0,\"spaceabove\":0,\"spacebelow\":0,\"yvel\":1,\"push\":0,\"relid\":134,\"absolute_position\":false,\"frameOverflow\":\"both\"},{\"type\":\"text\",\"cont\":\"<p style=\\\"text-align: center;\\\"><span style=\\\"font-weight: 400; color: #ffffff; font-size: 14px;\\\">ALJUB ES BALUARD MUSEU\\u00a0<\/span><\/p>\",\"align\":\"bottom\",\"row\":19,\"col\":0,\"colspan\":12,\"offsetx\":0,\"offsety\":0,\"spaceabove\":0,\"spacebelow\":0,\"yvel\":1,\"push\":0,\"relid\":18,\"absolute_position\":false},{\"type\":\"hr\",\"cont\":\"\",\"align\":\"bottom\",\"row\":20,\"col\":0,\"colspan\":12,\"offsetx\":0,\"offsety\":0,\"spaceabove\":0,\"spacebelow\":0,\"yvel\":1,\"push\":0,\"relid\":116,\"absolute_position\":false,\"frameOverflow\":\"both\"},{\"type\":\"text\",\"cont\":\"<p style=\\\"text-align: center;\\\"><span style=\\\"font-size: 24px;\\\"><strong><span style=\\\"color: #fffff8;\\\">MeRCEDES LUJ\\u00c1N Y<br \/>RANCAPINO CHICO<\/span><\/strong><\/span><\/p><p style=\\\"text-align: center;\\\"><span style=\\\"font-weight: 400; color: #ffffff; font-size: 14px;\\\">PRIMERA SESSI\\u00d3 20H | SEGONA SESSI\\u00d3 21.15H<\/span><\/p>\",\"align\":\"top\",\"row\":21,\"col\":0,\"colspan\":12,\"offsetx\":0,\"offsety\":0,\"spaceabove\":0,\"spacebelow\":0,\"yvel\":1,\"push\":0,\"relid\":16,\"absolute_position\":false,\"dosync\":false},{\"type\":\"text\",\"cont\":\"<p style=\\\"text-align: center;\\\"><a class=\\\"laybutton1 laybutton\\\" rel=\\\"noopener\\\" href=\\\"https:\/\/www.notikumi.com\/channel\/festival-paco-de-lucia-mallorca-palma-flamenca\/2026\/3\/19\/mercedes-lujan-y-rancapino-chico-v-festival-paco-de-lucia-mallorca-palma-flamenca\\\" target=\\\"_blank\\\"><span style=\\\"font-weight: 400;\\\">ENTRADES 1A SESSI\\u00d3<\/span><\/a><\/p>\",\"align\":\"bottom\",\"row\":22,\"col\":0,\"colspan\":12,\"offsetx\":0,\"offsety\":0,\"spaceabove\":0,\"spacebelow\":0,\"yvel\":1,\"push\":0,\"relid\":23,\"absolute_position\":false},{\"type\":\"text\",\"cont\":\"<p style=\\\"text-align: center;\\\"><a class=\\\"laybutton1 laybutton\\\" rel=\\\"noopener\\\" href=\\\"https:\/\/www.notikumi.com\/channel\/festival-paco-de-lucia-mallorca-palma-flamenca\/2026\/3\/19\/2-sesion-mercedes-lujan-y-rancapino-chico-v-festival-paco-de-lucia-mallorca-palma-flamenca\\\" target=\\\"_blank\\\"><span style=\\\"font-weight: 400;\\\">ENTRADES 2A SESSI\\u00d3<\/span><\/a><\/p>\",\"align\":\"top\",\"row\":23,\"col\":0,\"colspan\":12,\"offsetx\":0,\"offsety\":0,\"spaceabove\":0,\"spacebelow\":0,\"yvel\":1,\"push\":0,\"relid\":54,\"absolute_position\":false,\"frameOverflow\":\"\"},{\"type\":\"hr\",\"cont\":\"\",\"align\":\"top\",\"row\":24,\"col\":0,\"colspan\":12,\"offsetx\":0,\"offsety\":0,\"spaceabove\":0,\"spacebelow\":0,\"yvel\":1,\"push\":0,\"relid\":192,\"absolute_position\":false,\"frameOverflow\":\"both\"},{\"type\":\"text\",\"cont\":\"<p style=\\\"text-align: left;\\\"><span style=\\\"color: #fffff8; font-size: 14px;\\\">21.03.26<\/span><\/p>\",\"align\":\"top\",\"row\":25,\"col\":0,\"colspan\":3,\"offsetx\":0,\"offsety\":0,\"spaceabove\":0,\"spacebelow\":0,\"yvel\":1,\"push\":0,\"relid\":150,\"absolute_position\":false},{\"type\":\"text\",\"cont\":\"<p style=\\\"text-align: right;\\\"><span style=\\\"color: #fffff8; font-size: 14px;\\\">10.00h<\/span><\/p>\",\"align\":\"top\",\"row\":25,\"col\":9,\"colspan\":3,\"offsetx\":0,\"offsety\":0,\"spaceabove\":0,\"spacebelow\":0,\"yvel\":1,\"push\":6,\"relid\":196,\"absolute_position\":false,\"frameOverflow\":\"\"},{\"type\":\"hr\",\"cont\":\"\",\"align\":\"top\",\"row\":26,\"col\":0,\"colspan\":12,\"offsetx\":0,\"offsety\":0,\"spaceabove\":0,\"spacebelow\":0,\"yvel\":1,\"push\":0,\"relid\":193,\"absolute_position\":false,\"frameOverflow\":\"both\"},{\"type\":\"text\",\"cont\":\"<p style=\\\"text-align: center;\\\"><span style=\\\"font-weight: 400; color: #ffffff; font-size: 14px;\\\">fundaci\\u00f3 mir\\u00f3 mallorca<\/span><\/p>\",\"align\":\"top\",\"row\":27,\"col\":0,\"colspan\":12,\"offsetx\":0,\"offsety\":0,\"spaceabove\":0,\"spacebelow\":0,\"yvel\":1,\"push\":0,\"relid\":195,\"absolute_position\":false,\"frameOverflow\":\"\"},{\"type\":\"hr\",\"cont\":\"\",\"align\":\"top\",\"row\":28,\"col\":0,\"colspan\":12,\"offsetx\":0,\"offsety\":0,\"spaceabove\":0,\"spacebelow\":0,\"yvel\":1,\"push\":0,\"relid\":194,\"absolute_position\":false,\"frameOverflow\":\"both\"},{\"type\":\"text\",\"cont\":\"<p style=\\\"text-align: center;\\\"><a data-hoverimageid=\\\"681\\\" data-hoverimagesmallsrc=\\\"\/wp-content\/uploads\/2025\/02\/Carmen-Linares-y-Maria-Hein-265x131.png\\\" data-hoverimagetype=\\\"image\\\"><span style=\\\"font-size: 28px;\\\"><strong><span style=\\\"color: #fffff8;\\\"><span style=\\\"font-size: 24px;\\\"><span>TONI VICH (TRIOFANG) <br \/>I \\u00daRSULA POMAR<\/span><\/span><\/span><\/strong><\/span><\/a><\/p>\",\"align\":\"top\",\"row\":29,\"col\":0,\"colspan\":12,\"offsetx\":0,\"offsety\":0,\"spaceabove\":0,\"spacebelow\":0,\"yvel\":1,\"push\":0,\"relid\":197,\"absolute_position\":false,\"dosync\":false},{\"type\":\"text\",\"cont\":\"<p style=\\\"text-align: center;\\\"><span style=\\\"font-weight: 400; color: #ffffff; font-size: 14px;\\\">CONCERT &amp; WORKSHOP DE FLAUTES <br \/>i OCARINES CER\\u00c0MIQUES<\/span><\/p>\",\"align\":\"top\",\"row\":30,\"col\":1,\"colspan\":10,\"offsetx\":0,\"offsety\":0,\"spaceabove\":0,\"spacebelow\":0,\"yvel\":1,\"push\":1,\"relid\":198,\"absolute_position\":false,\"frameOverflow\":\"\"},{\"type\":\"text\",\"cont\":\"<p style=\\\"text-align: center;\\\"><a class=\\\"laybutton1 laybutton\\\" rel=\\\"noopener\\\" href=\\\"https:\/\/www.notikumi.com\/channel\/festival-paco-de-lucia-mallorca-palma-flamenca\/2026\/3\/21\/concierto-workshop-de-flautas-y-ocarinas-de-ceramica-toni-vich-triofang-y-ursula-pomar-v-festival-paco-de-lucia-mallorca\\\" target=\\\"_blank\\\"><span style=\\\"font-weight: 400;\\\">entrades<\/span><\/a><\/p>\",\"align\":\"middle\",\"row\":31,\"col\":0,\"colspan\":12,\"offsetx\":0,\"offsety\":0,\"spaceabove\":0,\"spacebelow\":0,\"yvel\":1,\"push\":0,\"relid\":24,\"absolute_position\":false},{\"type\":\"hr\",\"cont\":\"\",\"align\":\"top\",\"row\":32,\"col\":0,\"colspan\":12,\"offsetx\":0,\"offsety\":0,\"spaceabove\":0,\"spacebelow\":0,\"yvel\":1,\"push\":0,\"relid\":132,\"absolute_position\":false,\"frameOverflow\":\"both\"},{\"type\":\"text\",\"cont\":\"<p style=\\\"text-align: left;\\\"><span style=\\\"color: #fffff8; font-size: 14px;\\\">17.03.26<\/span><\/p>\",\"align\":\"middle\",\"row\":33,\"col\":0,\"colspan\":3,\"offsetx\":0,\"offsety\":0,\"spaceabove\":0,\"spacebelow\":0,\"yvel\":1,\"push\":0,\"relid\":36,\"absolute_position\":false,\"frameOverflow\":\"\"},{\"type\":\"text\",\"cont\":\"<p style=\\\"text-align: right;\\\"><span style=\\\"color: #fffff8; font-size: 14px;\\\">20.00h<\/span><\/p>\",\"align\":\"middle\",\"row\":33,\"col\":9,\"colspan\":3,\"offsetx\":0,\"offsety\":0,\"spaceabove\":0,\"spacebelow\":0,\"yvel\":1,\"push\":6,\"relid\":35,\"absolute_position\":false,\"frameOverflow\":\"\"},{\"type\":\"hr\",\"cont\":\"\",\"align\":\"top\",\"row\":34,\"col\":0,\"colspan\":12,\"offsetx\":0,\"offsety\":0,\"spaceabove\":0,\"spacebelow\":0,\"yvel\":1,\"push\":0,\"relid\":51,\"absolute_position\":false,\"frameOverflow\":\"both\"},{\"type\":\"text\",\"cont\":\"<p style=\\\"text-align: center;\\\"><span style=\\\"font-weight: 400; color: #ffffff; font-size: 14px;\\\">TEATRE MUNICIPAL XESC FORTEZA<\/span><\/p>\",\"align\":\"middle\",\"row\":35,\"col\":0,\"colspan\":12,\"offsetx\":0,\"offsety\":0,\"spaceabove\":0,\"spacebelow\":0,\"yvel\":1,\"push\":0,\"relid\":34,\"absolute_position\":false,\"frameOverflow\":\"\"},{\"type\":\"hr\",\"cont\":\"\",\"align\":\"top\",\"row\":36,\"col\":0,\"colspan\":12,\"offsetx\":0,\"offsety\":0,\"spaceabove\":0,\"spacebelow\":0,\"yvel\":1,\"push\":0,\"relid\":53,\"absolute_position\":false,\"frameOverflow\":\"both\"},{\"type\":\"text\",\"cont\":\"<p style=\\\"text-align: center;\\\"><span style=\\\"font-size: 24px;\\\"><b>ALICIA GIBERT<\/b><\/span><\/p>\",\"align\":\"middle\",\"row\":37,\"col\":0,\"colspan\":12,\"offsetx\":0,\"offsety\":0,\"spaceabove\":0,\"spacebelow\":0,\"yvel\":1,\"push\":0,\"relid\":38,\"absolute_position\":false,\"frameOverflow\":\"\",\"dosync\":false},{\"type\":\"text\",\"cont\":\"<p style=\\\"text-align: center;\\\"><span style=\\\"font-weight: 400; color: #ffffff; font-size: 14px;\\\">GUANYADORA III beca j\\u00f3venes talentos<\/span><\/p>\",\"align\":\"middle\",\"row\":38,\"col\":0,\"colspan\":12,\"offsetx\":0,\"offsety\":0,\"spaceabove\":0,\"spacebelow\":0,\"yvel\":1,\"push\":0,\"relid\":40,\"absolute_position\":false,\"frameOverflow\":\"\"},{\"type\":\"text\",\"cont\":\"<p style=\\\"text-align: center;\\\"><a class=\\\"laybutton1 laybutton\\\" rel=\\\"noopener\\\" href=\\\"https:\/\/www.giglon.com\/todos?idEvent=beca--jovenes-talentos-paco-de-lucia-v-edicion-festival-paco-de-lucia-palma\\\" target=\\\"_blank\\\"><span style=\\\"font-weight: 400;\\\">entrades<\/span><\/a><\/p>\",\"align\":\"middle\",\"row\":39,\"col\":0,\"colspan\":12,\"offsetx\":0,\"offsety\":0,\"spaceabove\":0,\"spacebelow\":0,\"yvel\":1,\"push\":0,\"relid\":42,\"absolute_position\":false,\"frameOverflow\":\"\"}],\"bgVideo\":null}","_links":{"self":[{"href":"https:\/\/festivalpacodeluciamallorca.com\/ca\/wp-json\/wp\/v2\/pages\/598","targetHints":{"allow":["GET"]}}],"collection":[{"href":"https:\/\/festivalpacodeluciamallorca.com\/ca\/wp-json\/wp\/v2\/pages"}],"about":[{"href":"https:\/\/festivalpacodeluciamallorca.com\/ca\/wp-json\/wp\/v2\/types\/page"}],"author":[{"embeddable":true,"href":"https:\/\/festivalpacodeluciamallorca.com\/ca\/wp-json\/wp\/v2\/users\/1"}],"replies":[{"embeddable":true,"href":"https:\/\/festivalpacodeluciamallorca.com\/ca\/wp-json\/wp\/v2\/comments?post=598"}],"version-history":[{"count":0,"href":"https:\/\/festivalpacodeluciamallorca.com\/ca\/wp-json\/wp\/v2\/pages\/598\/revisions"}],"wp:attachment":[{"href":"https:\/\/festivalpacodeluciamallorca.com\/ca\/wp-json\/wp\/v2\/media?parent=598"}],"curies":[{"name":"wp","href":"https:\/\/api.w.org\/{rel}","templated":true}]}}