{"id":608,"date":"2025-02-24T13:04:42","date_gmt":"2025-02-24T13:04:42","guid":{"rendered":"https:\/\/festivalpacodeluciamallorca.com\/inicio-copy\/"},"modified":"2025-02-24T17:26:08","modified_gmt":"2025-02-24T17:26:08","slug":"historia","status":"publish","type":"page","link":"https:\/\/festivalpacodeluciamallorca.com\/ca\/historia\/","title":{"rendered":"Hist\u00f2ria"},"content":{"rendered":"<p><img loading=\"lazy\" decoding=\"async\" width=\"810\" height=\"810\" src=\"https:\/\/festivalpacodeluciamallorca.com\/wp-content\/uploads\/2024\/08\/Diseno-sin-titulo-65.png\" alt=\"\" \/>\t\t\t\t\t\t\t\t\t\t\t\t\t<\/p>\n<h1 style=\"text-align: center\">WEB EN RE-CONSTRUCCI\u00d3N<\/h1>\n<h1 style=\"text-align: center\">\u00a1COMING SOON!<\/h1>\n<p><a style=\"color: #ffffff\" href=\"mailto:solbescos@gmail.com\" target=\"_blank\" rel=\"noopener\">CONTACTO<\/a><\/p>\n<p><a style=\"color: #ffffff\" href=\"https:\/\/www.instagram.com\/festivalpacodeluciamallorca\/\" target=\"_blank\" rel=\"noopener\">INSTAGRAM<\/a><\/p>\n","protected":false},"excerpt":{"rendered":"<p>WEB EN RE-CONSTRUCCI\u00d3N \u00a1COMING SOON! CONTACTO INSTAGRAM<\/p>\n","protected":false},"author":1,"featured_media":0,"parent":0,"menu_order":9,"comment_status":"closed","ping_status":"closed","template":"","meta":[],"class_list":["post-608","page","type-page","status-publish","hentry"],"yoast_head":"<!-- This site is optimized with the Yoast SEO plugin v27.5 - https:\/\/yoast.com\/product\/yoast-seo-wordpress\/ -->\n<title>Hist\u00f2ria - Festival Paco de Luc\u00eda Mallorca<\/title>\n<meta name=\"robots\" content=\"index, follow, max-snippet:-1, max-image-preview:large, max-video-preview:-1\" \/>\n<link rel=\"canonical\" href=\"https:\/\/festivalpacodeluciamallorca.com\/ca\/historia\/\" \/>\n<meta property=\"og:locale\" content=\"ca_ES\" \/>\n<meta property=\"og:type\" content=\"article\" \/>\n<meta property=\"og:title\" content=\"Hist\u00f2ria - Festival Paco de Luc\u00eda Mallorca\" \/>\n<meta property=\"og:description\" content=\"WEB EN RE-CONSTRUCCI\u00d3N \u00a1COMING SOON! CONTACTO INSTAGRAM\" \/>\n<meta property=\"og:url\" content=\"https:\/\/festivalpacodeluciamallorca.com\/ca\/historia\/\" \/>\n<meta property=\"og:site_name\" content=\"Festival Paco de Luc\u00eda Mallorca\" \/>\n<meta property=\"article:publisher\" content=\"https:\/\/www.facebook.com\/festivalpacodeluciamallorca\" \/>\n<meta property=\"article:modified_time\" content=\"2025-02-24T17:26:08+00:00\" \/>\n<meta property=\"og:image\" content=\"https:\/\/festivalpacodeluciamallorca.com\/wp-content\/uploads\/2024\/08\/Diseno-sin-titulo-65.png\" \/>\n<meta name=\"twitter:card\" content=\"summary_large_image\" \/>\n<meta name=\"twitter:label1\" content=\"Est. reading time\" \/>\n\t<meta name=\"twitter:data1\" content=\"5 minutes\" \/>\n<script type=\"application\/ld+json\" class=\"yoast-schema-graph\">{\"@context\":\"https:\\\/\\\/schema.org\",\"@graph\":[{\"@type\":\"WebPage\",\"@id\":\"https:\\\/\\\/festivalpacodeluciamallorca.com\\\/ca\\\/historia\\\/\",\"url\":\"https:\\\/\\\/festivalpacodeluciamallorca.com\\\/ca\\\/historia\\\/\",\"name\":\"Hist\u00f2ria - Festival Paco de Luc\u00eda Mallorca\",\"isPartOf\":{\"@id\":\"https:\\\/\\\/festivalpacodeluciamallorca.com\\\/ca\\\/#website\"},\"primaryImageOfPage\":{\"@id\":\"https:\\\/\\\/festivalpacodeluciamallorca.com\\\/ca\\\/historia\\\/#primaryimage\"},\"image\":{\"@id\":\"https:\\\/\\\/festivalpacodeluciamallorca.com\\\/historia\\\/#primaryimage\"},\"thumbnailUrl\":\"https:\\\/\\\/festivalpacodeluciamallorca.com\\\/wp-content\\\/uploads\\\/2024\\\/08\\\/Diseno-sin-titulo-65.png\",\"datePublished\":\"2025-02-24T13:04:42+00:00\",\"dateModified\":\"2025-02-24T17:26:08+00:00\",\"breadcrumb\":{\"@id\":\"https:\\\/\\\/festivalpacodeluciamallorca.com\\\/ca\\\/historia\\\/#breadcrumb\"},\"inLanguage\":\"ca-ES\",\"potentialAction\":[{\"@type\":\"ReadAction\",\"target\":[[\"https:\\\/\\\/festivalpacodeluciamallorca.com\\\/ca\\\/historia\\\/\"]]}]},{\"@type\":\"ImageObject\",\"inLanguage\":\"ca-ES\",\"@id\":\"https:\\\/\\\/festivalpacodeluciamallorca.com\\\/ca\\\/historia\\\/#primaryimage\",\"url\":\"https:\\\/\\\/festivalpacodeluciamallorca.com\\\/wp-content\\\/uploads\\\/2024\\\/08\\\/Diseno-sin-titulo-65.png\",\"contentUrl\":\"https:\\\/\\\/festivalpacodeluciamallorca.com\\\/wp-content\\\/uploads\\\/2024\\\/08\\\/Diseno-sin-titulo-65.png\"},{\"@type\":\"BreadcrumbList\",\"@id\":\"https:\\\/\\\/festivalpacodeluciamallorca.com\\\/ca\\\/historia\\\/#breadcrumb\",\"itemListElement\":[{\"@type\":\"ListItem\",\"position\":1,\"name\":\"Portada\",\"item\":\"https:\\\/\\\/festivalpacodeluciamallorca.com\\\/ca\\\/\"},{\"@type\":\"ListItem\",\"position\":2,\"name\":\"Historia\"}]},{\"@type\":\"WebSite\",\"@id\":\"https:\\\/\\\/festivalpacodeluciamallorca.com\\\/ca\\\/#website\",\"url\":\"https:\\\/\\\/festivalpacodeluciamallorca.com\\\/ca\\\/\",\"name\":\"Festival Paco de Luc\u00eda Mallorca\",\"description\":\"[:es]EDICI\u00d3N IV 2025[:ca]EDICI\u00d3 IV 2025[:]\",\"publisher\":{\"@id\":\"https:\\\/\\\/festivalpacodeluciamallorca.com\\\/ca\\\/#organization\"},\"potentialAction\":[{\"@type\":\"SearchAction\",\"target\":{\"@type\":\"EntryPoint\",\"urlTemplate\":\"https:\\\/\\\/festivalpacodeluciamallorca.com\\\/ca\\\/?s={search_term_string}\"},\"query-input\":{\"@type\":\"PropertyValueSpecification\",\"valueRequired\":true,\"valueName\":\"search_term_string\"}}],\"inLanguage\":\"ca-ES\"},{\"@type\":\"Organization\",\"@id\":\"https:\\\/\\\/festivalpacodeluciamallorca.com\\\/ca\\\/#organization\",\"name\":\"Fundaci\u00f3n Paco de Luc\u00eda\",\"url\":\"https:\\\/\\\/festivalpacodeluciamallorca.com\\\/ca\\\/\",\"logo\":{\"@type\":\"ImageObject\",\"inLanguage\":\"ca-ES\",\"@id\":\"https:\\\/\\\/festivalpacodeluciamallorca.com\\\/ca\\\/#\\\/schema\\\/logo\\\/image\\\/\",\"url\":\"https:\\\/\\\/festivalpacodeluciamallorca.com\\\/wp-content\\\/uploads\\\/2022\\\/01\\\/5-2.png\",\"contentUrl\":\"https:\\\/\\\/festivalpacodeluciamallorca.com\\\/wp-content\\\/uploads\\\/2022\\\/01\\\/5-2.png\",\"width\":500,\"height\":200,\"caption\":\"Fundaci\u00f3n Paco de Luc\u00eda\"},\"image\":{\"@id\":\"https:\\\/\\\/festivalpacodeluciamallorca.com\\\/ca\\\/#\\\/schema\\\/logo\\\/image\\\/\"},\"sameAs\":[\"https:\\\/\\\/www.facebook.com\\\/festivalpacodeluciamallorca\",\"https:\\\/\\\/www.instagram.com\\\/festivalpacodeluciamallorca\\\/\"]}]}<\/script>\n<!-- \/ Yoast SEO plugin. -->","yoast_head_json":{"title":"Hist\u00f2ria - Festival Paco de Luc\u00eda Mallorca","robots":{"index":"index","follow":"follow","max-snippet":"max-snippet:-1","max-image-preview":"max-image-preview:large","max-video-preview":"max-video-preview:-1"},"canonical":"https:\/\/festivalpacodeluciamallorca.com\/ca\/historia\/","og_locale":"ca_ES","og_type":"article","og_title":"Hist\u00f2ria - Festival Paco de Luc\u00eda Mallorca","og_description":"WEB EN RE-CONSTRUCCI\u00d3N \u00a1COMING SOON! CONTACTO INSTAGRAM","og_url":"https:\/\/festivalpacodeluciamallorca.com\/ca\/historia\/","og_site_name":"Festival Paco de Luc\u00eda Mallorca","article_publisher":"https:\/\/www.facebook.com\/festivalpacodeluciamallorca","article_modified_time":"2025-02-24T17:26:08+00:00","og_image":[{"url":"https:\/\/festivalpacodeluciamallorca.com\/wp-content\/uploads\/2024\/08\/Diseno-sin-titulo-65.png","type":"","width":"","height":""}],"twitter_card":"summary_large_image","twitter_misc":{"Est. reading time":"5 minutes"},"schema":{"@context":"https:\/\/schema.org","@graph":[{"@type":"WebPage","@id":"https:\/\/festivalpacodeluciamallorca.com\/ca\/historia\/","url":"https:\/\/festivalpacodeluciamallorca.com\/ca\/historia\/","name":"Hist\u00f2ria - Festival Paco de Luc\u00eda Mallorca","isPartOf":{"@id":"https:\/\/festivalpacodeluciamallorca.com\/ca\/#website"},"primaryImageOfPage":{"@id":"https:\/\/festivalpacodeluciamallorca.com\/ca\/historia\/#primaryimage"},"image":{"@id":"https:\/\/festivalpacodeluciamallorca.com\/historia\/#primaryimage"},"thumbnailUrl":"https:\/\/festivalpacodeluciamallorca.com\/wp-content\/uploads\/2024\/08\/Diseno-sin-titulo-65.png","datePublished":"2025-02-24T13:04:42+00:00","dateModified":"2025-02-24T17:26:08+00:00","breadcrumb":{"@id":"https:\/\/festivalpacodeluciamallorca.com\/ca\/historia\/#breadcrumb"},"inLanguage":"ca-ES","potentialAction":[{"@type":"ReadAction","target":[["https:\/\/festivalpacodeluciamallorca.com\/ca\/historia\/"]]}]},{"@type":"ImageObject","inLanguage":"ca-ES","@id":"https:\/\/festivalpacodeluciamallorca.com\/ca\/historia\/#primaryimage","url":"https:\/\/festivalpacodeluciamallorca.com\/wp-content\/uploads\/2024\/08\/Diseno-sin-titulo-65.png","contentUrl":"https:\/\/festivalpacodeluciamallorca.com\/wp-content\/uploads\/2024\/08\/Diseno-sin-titulo-65.png"},{"@type":"BreadcrumbList","@id":"https:\/\/festivalpacodeluciamallorca.com\/ca\/historia\/#breadcrumb","itemListElement":[{"@type":"ListItem","position":1,"name":"Portada","item":"https:\/\/festivalpacodeluciamallorca.com\/ca\/"},{"@type":"ListItem","position":2,"name":"Historia"}]},{"@type":"WebSite","@id":"https:\/\/festivalpacodeluciamallorca.com\/ca\/#website","url":"https:\/\/festivalpacodeluciamallorca.com\/ca\/","name":"Festival Paco de Luc\u00eda Mallorca","description":"[:es]EDICI\u00d3N IV 2025[:ca]EDICI\u00d3 IV 2025[:]","publisher":{"@id":"https:\/\/festivalpacodeluciamallorca.com\/ca\/#organization"},"potentialAction":[{"@type":"SearchAction","target":{"@type":"EntryPoint","urlTemplate":"https:\/\/festivalpacodeluciamallorca.com\/ca\/?s={search_term_string}"},"query-input":{"@type":"PropertyValueSpecification","valueRequired":true,"valueName":"search_term_string"}}],"inLanguage":"ca-ES"},{"@type":"Organization","@id":"https:\/\/festivalpacodeluciamallorca.com\/ca\/#organization","name":"Fundaci\u00f3n Paco de Luc\u00eda","url":"https:\/\/festivalpacodeluciamallorca.com\/ca\/","logo":{"@type":"ImageObject","inLanguage":"ca-ES","@id":"https:\/\/festivalpacodeluciamallorca.com\/ca\/#\/schema\/logo\/image\/","url":"https:\/\/festivalpacodeluciamallorca.com\/wp-content\/uploads\/2022\/01\/5-2.png","contentUrl":"https:\/\/festivalpacodeluciamallorca.com\/wp-content\/uploads\/2022\/01\/5-2.png","width":500,"height":200,"caption":"Fundaci\u00f3n Paco de Luc\u00eda"},"image":{"@id":"https:\/\/festivalpacodeluciamallorca.com\/ca\/#\/schema\/logo\/image\/"},"sameAs":["https:\/\/www.facebook.com\/festivalpacodeluciamallorca","https:\/\/www.instagram.com\/festivalpacodeluciamallorca\/"]}]}},"grid":"{\r\n  \"colCount\": 21,\r\n  \"colGutter\": 12,\r\n  \"rowGutters\": [\r\n    12,\r\n    24,\r\n    40,\r\n    80,\r\n    24,\r\n    40,\r\n    80,\r\n    24,\r\n    40\r\n  ],\r\n  \"frameMargin\": 5,\r\n  \"leftFrameMargin\": 24,\r\n  \"rightFrameMargin\": 24,\r\n  \"topFrameMargin\": 24,\r\n  \"mus\": {\r\n    \"colGutterMu\": \"px\",\r\n    \"rowGutterMu\": \"px\",\r\n    \"topFrameMu\": \"px\",\r\n    \"bottomFrameMu\": \"px\",\r\n    \"frameMu\": \"px\"\r\n  },\r\n  \"bottomFrameMargin\": 80,\r\n  \"rowAttrs\": [\r\n    {\r\n      \"row100vh\": false,\r\n      \"rowcustomheight\": \"75vh\",\r\n      \"relid\": 11\r\n    },\r\n    {\r\n      \"relid\": 3\r\n    },\r\n    {\r\n      \"relid\": 29\r\n    },\r\n    {\r\n      \"relid\": 28\r\n    },\r\n    {\r\n      \"relid\": 17\r\n    },\r\n    {\r\n      \"relid\": 5\r\n    },\r\n    {\r\n      \"relid\": 20\r\n    },\r\n    {\r\n      \"relid\": 30\r\n    },\r\n    {\r\n      \"relid\": 32\r\n    },\r\n    {\r\n      \"relid\": 37\r\n    }\r\n  ],\r\n  \"bgColor\": null,\r\n  \"bgImage\": {\r\n    \"attid\": 553,\r\n    \"url\": \"\/wp-content\/uploads\/2025\/02\/Background.svg\",\r\n    \"sizes\": []\r\n  },\r\n  \"cont\": [\r\n    {\r\n      \"type\": \"text\",\r\n      \"cont\": \"<p style=\\\"text-align: center;\\\"><span style=\\\"font-size: 16px;\\\">HIST\u00f2RIA<\/span><\/p>\",\r\n      \"align\": \"bottom\",\r\n      \"row\": 0,\r\n      \"col\": 0,\r\n      \"colspan\": 21,\r\n      \"offsetx\": 0,\r\n      \"offsety\": 0,\r\n      \"spaceabove\": 0,\r\n      \"spacebelow\": 5,\r\n      \"yvel\": 1,\r\n      \"push\": 0,\r\n      \"relid\": 45,\r\n      \"absolute_position\": true,\r\n      \"frameOverflow\": \"\"\r\n    },\r\n    {\r\n      \"type\": \"hr\",\r\n      \"cont\": \"\",\r\n      \"align\": \"top\",\r\n      \"row\": 1,\r\n      \"col\": 0,\r\n      \"colspan\": 21,\r\n      \"offsetx\": 0,\r\n      \"offsety\": 0,\r\n      \"spaceabove\": 0,\r\n      \"spacebelow\": 0,\r\n      \"yvel\": 1,\r\n      \"push\": 0,\r\n      \"relid\": 6,\r\n      \"absolute_position\": false,\r\n      \"frameOverflow\": \"both\"\r\n    },\r\n    {\r\n      \"type\": \"stack\",\r\n      \"cont\": [\r\n        {\r\n          \"type\": \"text\",\r\n          \"cont\": \"<p style=\\\"text-align: left;\\\"><span style=\\\"font-size: 28px;\\\"><strong><span style=\\\"color: #fffff8;\\\">I EDICI\u00f3<\/span><\/strong><\/span><\/p>\",\r\n          \"align\": \"top\",\r\n          \"row\": -1,\r\n          \"col\": 0,\r\n          \"colspan\": 4,\r\n          \"offsetx\": 0,\r\n          \"offsety\": 0,\r\n          \"spaceabove\": 0,\r\n          \"spacebelow\": 0,\r\n          \"yvel\": 1,\r\n          \"push\": 0,\r\n          \"relid\": 7,\r\n          \"absolute_position\": false,\r\n          \"dosync\": false\r\n        },\r\n        {\r\n          \"type\": \"text\",\r\n          \"cont\": \"<p><span style=\\\"color: #ecc4be; font-size: 16px;\\\">mar\u00e7 de 2022<\/span><\/p>\",\r\n          \"align\": \"top\",\r\n          \"row\": -1,\r\n          \"col\": 0,\r\n          \"colspan\": 4,\r\n          \"offsetx\": 0,\r\n          \"offsety\": 0,\r\n          \"spaceabove\": 0,\r\n          \"spacebelow\": 0,\r\n          \"yvel\": 1,\r\n          \"push\": 0,\r\n          \"relid\": 10,\r\n          \"absolute_position\": false\r\n        }\r\n      ],\r\n      \"align\": \"top\",\r\n      \"row\": 2,\r\n      \"col\": 4,\r\n      \"colspan\": 4,\r\n      \"offsetx\": 0,\r\n      \"offsety\": 0,\r\n      \"spaceabove\": 0,\r\n      \"spacebelow\": 0,\r\n      \"yvel\": 1,\r\n      \"push\": 4,\r\n      \"relid\": 2,\r\n      \"absolute_position\": false,\r\n      \"frameOverflow\": \"\"\r\n    },\r\n    {\r\n      \"type\": \"text\",\r\n      \"cont\": \"<p class=\\\"_P2\\\" style=\\\"text-align: left;\\\"><span style=\\\"font-weight: 400; color: #ffffff; font-size: 24px;\\\">El Festival Paco de Luc\u00eda arranc\u00e0 el 2022 amb un programa de luxe protagonitzat per joves artistes i a la vegada ja consagrats per una carrera brillant, s\u00f2lida i reconeguda.<\/span><\/p>\",\r\n      \"align\": \"top\",\r\n      \"row\": 2,\r\n      \"col\": 10,\r\n      \"colspan\": 10,\r\n      \"offsetx\": 0,\r\n      \"offsety\": 0,\r\n      \"spaceabove\": 0,\r\n      \"spacebelow\": 0,\r\n      \"yvel\": 1,\r\n      \"push\": 2,\r\n      \"relid\": 8,\r\n      \"absolute_position\": false,\r\n      \"dosync\": false\r\n    },\r\n    {\r\n      \"type\": \"text\",\r\n      \"cont\": \"<p class=\\\"_P3\\\" style=\\\"text-align: left;\\\"><span style=\\\"font-weight: 400; color: #ffffff; font-size: 16px;\\\">Els germans Sole\u00e1 i Kiki Morente assumiren la gala inaugural, que se celebr\u00e0 al Teatre Principal de Palma amb un espectacle ideat ex professo per a l'ocasi\u00f3: \u2018Dos corazones a un tiempo\u2019.<br \/><br \/>Ni\u00f1o de Elche amb \u2018Memoria de cante de mis bodas de plata con el flamenco\u2019 a l\u2019escenari del Teatre Principal de Palma i els concerts d\u2019Israel Fern\u00e1ndez i Diego del Morao, Rosario La Tremendita i el bailaor El Yiyo -que presentava el llan\u00e7ament del seu espectacle \u2018Jubileo\u2019- al Teatre Xesc Forteza van completar el cartell.<br \/><br \/>A m\u00e9s, el Centre Cultural Can Balaguer acoll\u00ed l\u2019exposici\u00f3 \u2018Contra les cordes\u2019 amb fotografies in\u00e8dites de Gabriela Canseco i Tomeu Coll. .<\/span><\/p>\",\r\n      \"align\": \"top\",\r\n      \"row\": 3,\r\n      \"col\": 10,\r\n      \"colspan\": 7,\r\n      \"offsetx\": 0,\r\n      \"offsety\": 0,\r\n      \"spaceabove\": 0,\r\n      \"spacebelow\": 0,\r\n      \"yvel\": 1,\r\n      \"push\": 10,\r\n      \"relid\": 1,\r\n      \"absolute_position\": false,\r\n      \"frameOverflow\": \"\"\r\n    },\r\n    {\r\n      \"type\": \"hr\",\r\n      \"cont\": \"\",\r\n      \"align\": \"top\",\r\n      \"row\": 4,\r\n      \"col\": 0,\r\n      \"colspan\": 21,\r\n      \"offsetx\": 0,\r\n      \"offsety\": 0,\r\n      \"spaceabove\": 0,\r\n      \"spacebelow\": 0,\r\n      \"yvel\": 1,\r\n      \"push\": 0,\r\n      \"relid\": 18,\r\n      \"absolute_position\": false,\r\n      \"frameOverflow\": \"both\"\r\n    },\r\n    {\r\n      \"type\": \"stack\",\r\n      \"cont\": [\r\n        {\r\n          \"type\": \"text\",\r\n          \"cont\": \"<p style=\\\"text-align: left;\\\"><span style=\\\"font-size: 28px;\\\"><strong><span style=\\\"color: #fffff8;\\\">II EDICI\u00f3<\/span><\/strong><\/span><\/p>\",\r\n          \"align\": \"top\",\r\n          \"row\": -1,\r\n          \"col\": 0,\r\n          \"colspan\": 4,\r\n          \"offsetx\": 0,\r\n          \"offsety\": 0,\r\n          \"spaceabove\": 0,\r\n          \"spacebelow\": 0,\r\n          \"yvel\": 1,\r\n          \"push\": 0,\r\n          \"relid\": 15,\r\n          \"absolute_position\": false,\r\n          \"frameOverflow\": \"\",\r\n          \"dosync\": false\r\n        },\r\n        {\r\n          \"type\": \"text\",\r\n          \"cont\": \"<p><span style=\\\"color: #ecc4be; font-size: 16px;\\\">mar\u00e7 de 2023<\/span><\/p>\",\r\n          \"align\": \"top\",\r\n          \"row\": -1,\r\n          \"col\": 0,\r\n          \"colspan\": 4,\r\n          \"offsetx\": 0,\r\n          \"offsety\": 0,\r\n          \"spaceabove\": 0,\r\n          \"spacebelow\": 0,\r\n          \"yvel\": 1,\r\n          \"push\": 0,\r\n          \"relid\": 16,\r\n          \"absolute_position\": false\r\n        }\r\n      ],\r\n      \"align\": \"top\",\r\n      \"row\": 5,\r\n      \"col\": 4,\r\n      \"colspan\": 4,\r\n      \"offsetx\": 0,\r\n      \"offsety\": 0,\r\n      \"spaceabove\": 0,\r\n      \"spacebelow\": 0,\r\n      \"yvel\": 1,\r\n      \"push\": 4,\r\n      \"relid\": 9,\r\n      \"absolute_position\": false,\r\n      \"frameOverflow\": \"\"\r\n    },\r\n    {\r\n      \"type\": \"text\",\r\n      \"cont\": \"<p class=\\\"_P2\\\" style=\\\"text-align: left;\\\"><span style=\\\"font-weight: 400; color: #ffffff; font-size: 24px;\\\">Estrella Morente assum\u00ed la gala inaugural de la segona edici\u00f3, que continu\u00e0 amb la producci\u00f3 especial de l'orquestra simf\u00f2nica Simfovents Palma amb la guitarra d\u2019Antonio S\u00e1nchez, el baix de Toni Cuenca i la percussi\u00f3 de Benji Habichuela.<\/span><\/p>\",\r\n      \"align\": \"top\",\r\n      \"row\": 5,\r\n      \"col\": 10,\r\n      \"colspan\": 10,\r\n      \"offsetx\": 0,\r\n      \"offsety\": 0,\r\n      \"spaceabove\": 0,\r\n      \"spacebelow\": 0,\r\n      \"yvel\": 1,\r\n      \"push\": 2,\r\n      \"relid\": 19,\r\n      \"absolute_position\": false,\r\n      \"dosync\": false\r\n    },\r\n    {\r\n      \"type\": \"text\",\r\n      \"cont\": \"<p class=\\\"_P3\\\" style=\\\"text-align: left;\\\"><span style=\\\"font-weight: 400; color: #ffffff; font-size: 16px;\\\">La bailaora Roc\u00edo Molina amb les guitarres de Yerai Cort\u00e9s i Eduardo Trassierra; l\u2019espectacle \u2018Tercer cielo\u2019 de Roc\u00edo M\u00e1rquez i Bronquio, i Rancapino Chico, fill i hereu de la llegenda del flamenc Rancapino, completaren el programa.<br \/><br \/>Roc\u00edo Molina i Ni\u00f1o de Elche oferiren a Es Baluard la novena edici\u00f3 de \u201cI-CorDes. Institut de Corpologies Deslocalitzades\u201d -una experi\u00e8ncia immersiva d\u2019accions sensorials relacionades amb la dansa i la m\u00fasica- i Benji Habichuela una masterclass de caix\u00f3 flamenc a la Fundaci\u00f3 Mir\u00f3 Mallorca.<br \/><br \/>L\u2019exposici\u00f3 \u2018Agua\u2019 de l\u2019artista Lola \u00c1lvarez ocup\u00e0 el CaixaF\u00f2rum amb fotografies dels artistes de la primera edici\u00f3, realitzades amb la t\u00e8cnica tintype i una c\u00e0mera del segle XVIII.<\/span><\/p>\",\r\n      \"align\": \"top\",\r\n      \"row\": 6,\r\n      \"col\": 10,\r\n      \"colspan\": 7,\r\n      \"offsetx\": 0,\r\n      \"offsety\": 0,\r\n      \"spaceabove\": 0,\r\n      \"spacebelow\": 0,\r\n      \"yvel\": 1,\r\n      \"push\": 10,\r\n      \"relid\": 21,\r\n      \"absolute_position\": false,\r\n      \"frameOverflow\": \"\"\r\n    },\r\n    {\r\n      \"type\": \"hr\",\r\n      \"cont\": \"\",\r\n      \"align\": \"top\",\r\n      \"row\": 7,\r\n      \"col\": 0,\r\n      \"colspan\": 21,\r\n      \"offsetx\": 0,\r\n      \"offsety\": 0,\r\n      \"spaceabove\": 0,\r\n      \"spacebelow\": 0,\r\n      \"yvel\": 1,\r\n      \"push\": 0,\r\n      \"relid\": 31,\r\n      \"absolute_position\": false,\r\n      \"frameOverflow\": \"both\"\r\n    },\r\n    {\r\n      \"type\": \"stack\",\r\n      \"cont\": [\r\n        {\r\n          \"type\": \"text\",\r\n          \"cont\": \"<p style=\\\"text-align: left;\\\"><span style=\\\"font-size: 28px;\\\"><strong><span style=\\\"color: #fffff8;\\\">III EDICI\u00f3<\/span><\/strong><\/span><\/p>\",\r\n          \"align\": \"top\",\r\n          \"row\": -1,\r\n          \"col\": 0,\r\n          \"colspan\": 4,\r\n          \"offsetx\": 0,\r\n          \"offsety\": 0,\r\n          \"spaceabove\": 0,\r\n          \"spacebelow\": 0,\r\n          \"yvel\": 1,\r\n          \"push\": 0,\r\n          \"relid\": 34,\r\n          \"absolute_position\": false,\r\n          \"frameOverflow\": \"\",\r\n          \"dosync\": false\r\n        },\r\n        {\r\n          \"type\": \"text\",\r\n          \"cont\": \"<p><span style=\\\"color: #ecc4be; font-size: 16px;\\\">mar\u00e7 de 2024<\/span><\/p>\",\r\n          \"align\": \"top\",\r\n          \"row\": -1,\r\n          \"col\": 0,\r\n          \"colspan\": 4,\r\n          \"offsetx\": 0,\r\n          \"offsety\": 0,\r\n          \"spaceabove\": 0,\r\n          \"spacebelow\": 0,\r\n          \"yvel\": 1,\r\n          \"push\": 0,\r\n          \"relid\": 35,\r\n          \"absolute_position\": false\r\n        }\r\n      ],\r\n      \"align\": \"top\",\r\n      \"row\": 8,\r\n      \"col\": 4,\r\n      \"colspan\": 4,\r\n      \"offsetx\": 0,\r\n      \"offsety\": 0,\r\n      \"spaceabove\": 0,\r\n      \"spacebelow\": 0,\r\n      \"yvel\": 1,\r\n      \"push\": 4,\r\n      \"relid\": 33,\r\n      \"absolute_position\": false,\r\n      \"frameOverflow\": \"\"\r\n    },\r\n    {\r\n      \"type\": \"text\",\r\n      \"cont\": \"<p class=\\\"_P2\\\" style=\\\"text-align: left;\\\"><span style=\\\"font-weight: 400; color: #ffffff; font-size: 24px;\\\">La for\u00e7a del directe de Las Migas (Premio Grammy Latino 2022) don\u00e0 el tret de sortida a la presentaci\u00f3 del programa de la tercera edici\u00f3 del festival amb un concert al Teatre Principal de Palma que va comptar amb la participaci\u00f3 de la cantant mallorquina J\u00falia Colom.<\/span><\/p>\",\r\n      \"align\": \"top\",\r\n      \"row\": 8,\r\n      \"col\": 10,\r\n      \"colspan\": 10,\r\n      \"offsetx\": 0,\r\n      \"offsety\": 0,\r\n      \"spaceabove\": 0,\r\n      \"spacebelow\": 0,\r\n      \"yvel\": 1,\r\n      \"push\": 2,\r\n      \"relid\": 36,\r\n      \"absolute_position\": false,\r\n      \"dosync\": false\r\n    },\r\n    {\r\n      \"type\": \"text\",\r\n      \"cont\": \"<p class=\\\"_P3\\\" style=\\\"text-align: left;\\\"><span style=\\\"font-weight: 400; color: #ffffff; font-size: 16px;\\\">Miguel Poveda fou el protagonista de luxe de la gala inaugural del festival, que continu\u00e0 amb el concert del guanyador de la I Beca a J\u00f3venes Talentos, Ant\u00f3n Cort\u00e9s.<br \/><br \/>L\u2019Audit\u00f2rium ofer\u00ed l\u2019espectacle \u2018Baile de bestias\u2019 del ballar\u00ed i core\u00f2graf Jes\u00fas Carmona i la clausura se celebr\u00e0 al Trui Teatre amb un concert de Chambao que va posar el p\u00fablic dempeus.<br \/><br \/>A Caixa F\u00f2rum es project\u00e0 el documental \u2018Paco de Luc\u00eda a Mallorca, una vida entre dues aig\u00fces\u2019 del director Peter Echave, i la Fundaci\u00f3 Mir\u00f3 Mallorca acoll\u00ed el workshop sobre com construir una guitarra flamenca de la m\u00e0 del lutier Fernando Rubin. <\/span><\/p>\",\r\n      \"align\": \"top\",\r\n      \"row\": 9,\r\n      \"col\": 10,\r\n      \"colspan\": 7,\r\n      \"offsetx\": 0,\r\n      \"offsety\": 0,\r\n      \"spaceabove\": 0,\r\n      \"spacebelow\": 0,\r\n      \"yvel\": 1,\r\n      \"push\": 10,\r\n      \"relid\": 38,\r\n      \"absolute_position\": false,\r\n      \"frameOverflow\": \"\"\r\n    }\r\n  ]\r\n}","phonegrid":"{\r\n  \"colCount\": 12,\r\n  \"colGutter\": 1,\r\n  \"rowGutters\": [\r\n    5,\r\n    5,\r\n    \"2\",\r\n    \"10\",\r\n    5,\r\n    \"10\",\r\n    5,\r\n    \"2\",\r\n    \"10\",\r\n    5,\r\n    5,\r\n    5,\r\n    \"2\",\r\n    \"10\",\r\n    5\r\n  ],\r\n  \"frameMargin\": 5,\r\n  \"topFrameMargin\": 5,\r\n  \"rightFrameMargin\": 5,\r\n  \"bottomFrameMargin\": \"20\",\r\n  \"leftFrameMargin\": 5,\r\n  \"mus\": {\r\n    \"colGutterMu\": \"%\",\r\n    \"rowGutterMu\": \"%\",\r\n    \"topFrameMu\": \"%\",\r\n    \"bottomFrameMu\": \"%\",\r\n    \"frameMu\": \"%\"\r\n  },\r\n  \"rowAttrs\": [\r\n    {\r\n      \"relid\": 77,\r\n      \"rowcustomheight\": \"30vh\",\r\n      \"row100vh\": false\r\n    },\r\n    {\r\n      \"relid\": 13\r\n    },\r\n    {\r\n      \"relid\": 78\r\n    },\r\n    {\r\n      \"relid\": 4\r\n    },\r\n    {\r\n      \"relid\": 79\r\n    },\r\n    {\r\n      \"relid\": 12\r\n    },\r\n    {\r\n      \"relid\": 14\r\n    },\r\n    {\r\n      \"relid\": 22\r\n    },\r\n    {\r\n      \"relid\": 24\r\n    },\r\n    {\r\n      \"relid\": 26\r\n    },\r\n    {\r\n      \"relid\": 27\r\n    },\r\n    {\r\n      \"relid\": 39\r\n    },\r\n    {\r\n      \"relid\": 40\r\n    },\r\n    {\r\n      \"relid\": 41\r\n    },\r\n    {\r\n      \"relid\": 42\r\n    },\r\n    {\r\n      \"relid\": 46\r\n    }\r\n  ],\r\n  \"bgColor\": null,\r\n  \"bgImage\": {\r\n    \"attid\": 553,\r\n    \"url\": \"\/wp-content\/uploads\/2025\/02\/Background.svg\",\r\n    \"sizes\": {}\r\n  },\r\n  \"cont\": [\r\n    {\r\n      \"type\": \"text\",\r\n      \"cont\": \"<p style=\\\"text-align: center;\\\"><span style=\\\"font-size: 16px;\\\">HIST\u00f2RIA<\/span><\/p>\",\r\n      \"align\": \"bottom\",\r\n      \"row\": 0,\r\n      \"col\": 0,\r\n      \"colspan\": 12,\r\n      \"offsetx\": 0,\r\n      \"offsety\": 0,\r\n      \"spaceabove\": 0,\r\n      \"spacebelow\": \"10\",\r\n      \"yvel\": 1,\r\n      \"push\": 0,\r\n      \"relid\": 45,\r\n      \"absolute_position\": true\r\n    },\r\n    {\r\n      \"type\": \"hr\",\r\n      \"cont\": \"\",\r\n      \"align\": \"top\",\r\n      \"row\": 1,\r\n      \"col\": 0,\r\n      \"colspan\": 12,\r\n      \"offsetx\": 0,\r\n      \"offsety\": 0,\r\n      \"spaceabove\": 0,\r\n      \"spacebelow\": 0,\r\n      \"yvel\": 1,\r\n      \"push\": 0,\r\n      \"relid\": 6,\r\n      \"absolute_position\": false,\r\n      \"frameOverflow\": \"both\"\r\n    },\r\n    {\r\n      \"type\": \"text\",\r\n      \"cont\": \"<p style=\\\"text-align: left;\\\"><span style=\\\"font-size: 24px;\\\"><strong><span style=\\\"color: #fffff8;\\\">I EDICI\u00f3<\/span><\/strong><\/span><\/p>\",\r\n      \"align\": \"bottom\",\r\n      \"row\": 2,\r\n      \"col\": 0,\r\n      \"colspan\": 12,\r\n      \"offsetx\": 0,\r\n      \"offsety\": 0,\r\n      \"spaceabove\": 0,\r\n      \"spacebelow\": 0,\r\n      \"yvel\": 1,\r\n      \"push\": 0,\r\n      \"relid\": 7,\r\n      \"absolute_position\": false,\r\n      \"dosync\": false\r\n    },\r\n    {\r\n      \"type\": \"text\",\r\n      \"cont\": \"<p><span style=\\\"color: #ecc4be; font-size: 16px;\\\">mar\u00e7 de 2022<\/span><\/p>\",\r\n      \"align\": \"top\",\r\n      \"row\": 3,\r\n      \"col\": 0,\r\n      \"colspan\": 5,\r\n      \"offsetx\": 0,\r\n      \"offsety\": 0,\r\n      \"spaceabove\": 0,\r\n      \"spacebelow\": 0,\r\n      \"yvel\": 1,\r\n      \"push\": 0,\r\n      \"relid\": 10,\r\n      \"absolute_position\": false\r\n    },\r\n    {\r\n      \"type\": \"text\",\r\n      \"cont\": \"<p class=\\\"_P2\\\" style=\\\"text-align: left;\\\"><span style=\\\"font-weight: 400; color: #ffffff; font-size: 20px;\\\">El Festival Paco de Luc\u00eda arranc\u00e0 el 2022 amb un programa de luxe protagonitzat per joves artistes i a la vegada ja consagrats per una carrera brillant, s\u00f2lida i reconeguda.<\/span><\/p>\",\r\n      \"align\": \"top\",\r\n      \"row\": 4,\r\n      \"col\": 0,\r\n      \"colspan\": 12,\r\n      \"offsetx\": 0,\r\n      \"offsety\": 0,\r\n      \"spaceabove\": 0,\r\n      \"spacebelow\": 0,\r\n      \"yvel\": 1,\r\n      \"push\": 0,\r\n      \"relid\": 8,\r\n      \"absolute_position\": false,\r\n      \"dosync\": false\r\n    },\r\n    {\r\n      \"type\": \"text\",\r\n      \"cont\": \"<p class=\\\"_P3\\\" style=\\\"text-align: left;\\\"><span style=\\\"font-weight: 400; color: #ffffff; font-size: 16px;\\\">Els germans Sole\u00e1 i Kiki Morente assumiren la gala inaugural, que se celebr\u00e0 al Teatre Principal de Palma amb un espectacle ideat ex professo per a l'ocasi\u00f3: \u2018Dos corazones a un tiempo\u2019.<br \/><br \/>Ni\u00f1o de Elche amb \u2018Memoria de cante de mis bodas de plata con el flamenco\u2019 a l\u2019escenari del Teatre Principal de Palma i els concerts d\u2019Israel Fern\u00e1ndez i Diego del Morao, Rosario La Tremendita i el bailaor El Yiyo -que presentava el llan\u00e7ament del seu espectacle \u2018Jubileo\u2019- al Teatre Xesc Forteza van completar el cartell.<br \/><br \/>A m\u00e9s, el Centre Cultural Can Balaguer acoll\u00ed l\u2019exposici\u00f3 \u2018Contra les cordes\u2019 amb fotografies in\u00e8dites de Gabriela Canseco i Tomeu Coll. .<\/span><\/p>\",\r\n      \"align\": \"middle\",\r\n      \"row\": 5,\r\n      \"col\": 0,\r\n      \"colspan\": 11,\r\n      \"offsetx\": 0,\r\n      \"offsety\": 0,\r\n      \"spaceabove\": 0,\r\n      \"spacebelow\": 0,\r\n      \"yvel\": 1,\r\n      \"push\": 0,\r\n      \"relid\": 1,\r\n      \"absolute_position\": false,\r\n      \"frameOverflow\": \"\"\r\n    },\r\n    {\r\n      \"type\": \"hr\",\r\n      \"cont\": \"\",\r\n      \"align\": \"top\",\r\n      \"row\": 6,\r\n      \"col\": 0,\r\n      \"colspan\": 12,\r\n      \"offsetx\": 0,\r\n      \"offsety\": 0,\r\n      \"spaceabove\": 0,\r\n      \"spacebelow\": 0,\r\n      \"yvel\": 1,\r\n      \"push\": 0,\r\n      \"relid\": 23,\r\n      \"absolute_position\": false,\r\n      \"frameOverflow\": \"both\"\r\n    },\r\n    {\r\n      \"type\": \"text\",\r\n      \"cont\": \"<p style=\\\"text-align: left;\\\"><span style=\\\"font-size: 24px;\\\"><strong><span style=\\\"color: #fffff8;\\\">II EDICI\u00f3<\/span><\/strong><\/span><\/p>\",\r\n      \"align\": \"top\",\r\n      \"row\": 7,\r\n      \"col\": 0,\r\n      \"colspan\": 6,\r\n      \"offsetx\": 0,\r\n      \"offsety\": 0,\r\n      \"spaceabove\": 0,\r\n      \"spacebelow\": 0,\r\n      \"yvel\": 1,\r\n      \"push\": 0,\r\n      \"relid\": 15,\r\n      \"absolute_position\": false,\r\n      \"frameOverflow\": \"\",\r\n      \"dosync\": false\r\n    },\r\n    {\r\n      \"type\": \"text\",\r\n      \"cont\": \"<p><span style=\\\"color: #ecc4be; font-size: 16px;\\\">Mar\u00e7 de 2023<\/span><\/p>\",\r\n      \"align\": \"top\",\r\n      \"row\": 8,\r\n      \"col\": 0,\r\n      \"colspan\": 5,\r\n      \"offsetx\": 0,\r\n      \"offsety\": 0,\r\n      \"spaceabove\": 0,\r\n      \"spacebelow\": 0,\r\n      \"yvel\": 1,\r\n      \"push\": 0,\r\n      \"relid\": 25,\r\n      \"absolute_position\": false\r\n    },\r\n    {\r\n      \"type\": \"text\",\r\n      \"cont\": \"<p class=\\\"_P2\\\" style=\\\"text-align: left;\\\"><span style=\\\"font-weight: 400; color: #ffffff; font-size: 20px;\\\">Estrella Morente assum\u00ed la gala inaugural de la segona edici\u00f3, que continu\u00e0 amb la producci\u00f3 especial de l'orquestra simf\u00f2nica Simfovents Palma amb la guitarra d\u2019Antonio S\u00e1nchez, el baix de Toni Cuenca i la percussi\u00f3 de Benji Habichuela.<\/span><\/p>\",\r\n      \"align\": \"top\",\r\n      \"row\": 9,\r\n      \"col\": 0,\r\n      \"colspan\": 12,\r\n      \"offsetx\": 0,\r\n      \"offsety\": 0,\r\n      \"spaceabove\": 0,\r\n      \"spacebelow\": 0,\r\n      \"yvel\": 1,\r\n      \"push\": 0,\r\n      \"relid\": 19,\r\n      \"absolute_position\": false,\r\n      \"dosync\": false\r\n    },\r\n    {\r\n      \"type\": \"text\",\r\n      \"cont\": \"<p class=\\\"_P3\\\" style=\\\"text-align: left;\\\"><span style=\\\"font-weight: 400; color: #ffffff; font-size: 16px;\\\">La bailaora Roc\u00edo Molina amb les guitarres de Yerai Cort\u00e9s i Eduardo Trassierra; l\u2019espectacle \u2018Tercer cielo\u2019 de Roc\u00edo M\u00e1rquez i Bronquio, i Rancapino Chico, fill i hereu de la llegenda del flamenc Rancapino, completaren el programa.<br \/><br \/>Roc\u00edo Molina i Ni\u00f1o de Elche oferiren a Es Baluard la novena edici\u00f3 de \u201cI-CorDes. Institut de Corpologies Deslocalitzades\u201d -una experi\u00e8ncia immersiva d\u2019accions sensorials relacionades amb la dansa i la m\u00fasica- i Benji Habichuela una masterclass de caix\u00f3 flamenc a la Fundaci\u00f3 Mir\u00f3 Mallorca.<br \/><br \/>L\u2019exposici\u00f3 \u2018Agua\u2019 de l\u2019artista Lola \u00c1lvarez ocup\u00e0 el CaixaF\u00f2rum amb fotografies dels artistes de la primera edici\u00f3, realitzades amb la t\u00e8cnica tintype i una c\u00e0mera del segle XVIII.<\/span><\/p>\",\r\n      \"align\": \"middle\",\r\n      \"row\": 10,\r\n      \"col\": 0,\r\n      \"colspan\": 11,\r\n      \"offsetx\": 0,\r\n      \"offsety\": 0,\r\n      \"spaceabove\": 0,\r\n      \"spacebelow\": 0,\r\n      \"yvel\": 1,\r\n      \"push\": 0,\r\n      \"relid\": 21,\r\n      \"absolute_position\": false,\r\n      \"frameOverflow\": \"\"\r\n    },\r\n    {\r\n      \"type\": \"hr\",\r\n      \"cont\": \"\",\r\n      \"align\": \"top\",\r\n      \"row\": 11,\r\n      \"col\": 0,\r\n      \"colspan\": 12,\r\n      \"offsetx\": 0,\r\n      \"offsety\": 0,\r\n      \"spaceabove\": 0,\r\n      \"spacebelow\": 0,\r\n      \"yvel\": 1,\r\n      \"push\": 0,\r\n      \"relid\": 43,\r\n      \"absolute_position\": false,\r\n      \"frameOverflow\": \"both\"\r\n    },\r\n    {\r\n      \"type\": \"text\",\r\n      \"cont\": \"<p style=\\\"text-align: left;\\\"><span style=\\\"font-size: 24px;\\\"><strong><span style=\\\"color: #fffff8;\\\">III EDICI\u00f3<\/span><\/strong><\/span><\/p>\",\r\n      \"align\": \"middle\",\r\n      \"row\": 12,\r\n      \"col\": 0,\r\n      \"colspan\": 6,\r\n      \"offsetx\": 0,\r\n      \"offsety\": 0,\r\n      \"spaceabove\": 0,\r\n      \"spacebelow\": 0,\r\n      \"yvel\": 1,\r\n      \"push\": 0,\r\n      \"relid\": 34,\r\n      \"absolute_position\": false,\r\n      \"frameOverflow\": \"\",\r\n      \"dosync\": false\r\n    },\r\n    {\r\n      \"type\": \"text\",\r\n      \"cont\": \"<p><span style=\\\"color: #ecc4be; font-size: 16px;\\\">Mar\u00e7 de 2024<\/span><\/p>\",\r\n      \"align\": \"top\",\r\n      \"row\": 13,\r\n      \"col\": 0,\r\n      \"colspan\": 5,\r\n      \"offsetx\": 0,\r\n      \"offsety\": 0,\r\n      \"spaceabove\": 0,\r\n      \"spacebelow\": 0,\r\n      \"yvel\": 1,\r\n      \"push\": 0,\r\n      \"relid\": 44,\r\n      \"absolute_position\": false\r\n    },\r\n    {\r\n      \"type\": \"text\",\r\n      \"cont\": \"<p class=\\\"_P2\\\" style=\\\"text-align: left;\\\"><span style=\\\"font-weight: 400; color: #ffffff; font-size: 20px;\\\">La for\u00e7a del directe de Las Migas (Premio Grammy Latino 2022) don\u00e0 el tret de sortida a la presentaci\u00f3 del programa de la tercera edici\u00f3 del festival amb un concert al Teatre Principal de Palma que va comptar amb la participaci\u00f3 de la cantant mallorquina J\u00falia Colom.<\/span><\/p>\",\r\n      \"align\": \"top\",\r\n      \"row\": 14,\r\n      \"col\": 0,\r\n      \"colspan\": 12,\r\n      \"offsetx\": 0,\r\n      \"offsety\": 0,\r\n      \"spaceabove\": 0,\r\n      \"spacebelow\": 0,\r\n      \"yvel\": 1,\r\n      \"push\": 0,\r\n      \"relid\": 48,\r\n      \"absolute_position\": false,\r\n      \"dosync\": false\r\n    },\r\n    {\r\n      \"type\": \"text\",\r\n      \"cont\": \"<p class=\\\"_P3\\\" style=\\\"text-align: left;\\\"><span style=\\\"font-weight: 400; color: #ffffff; font-size: 16px;\\\">Miguel Poveda fou el protagonista de luxe de la gala inaugural del festival, que continu\u00e0 amb el concert del guanyador de la I Beca a J\u00f3venes Talentos, Ant\u00f3n Cort\u00e9s.<br \/><br \/>L\u2019Audit\u00f2rium ofer\u00ed l\u2019espectacle \u2018Baile de bestias\u2019 del ballar\u00ed i core\u00f2graf Jes\u00fas Carmona i la clausura se celebr\u00e0 al Trui Teatre amb un concert de Chambao que va posar el p\u00fablic dempeus.<br \/><br \/>A Caixa F\u00f2rum es project\u00e0 el documental \u2018Paco de Luc\u00eda a Mallorca, una vida entre dues aig\u00fces\u2019 del director Peter Echave, i la Fundaci\u00f3 Mir\u00f3 Mallorca acoll\u00ed el workshop sobre com construir una guitarra flamenca de la m\u00e0 del lutier Fernando Rubin. <\/span><\/p>\",\r\n      \"align\": \"middle\",\r\n      \"row\": 15,\r\n      \"col\": 0,\r\n      \"colspan\": 11,\r\n      \"offsetx\": 0,\r\n      \"offsety\": 0,\r\n      \"spaceabove\": 0,\r\n      \"spacebelow\": 0,\r\n      \"yvel\": 1,\r\n      \"push\": 0,\r\n      \"relid\": 38,\r\n      \"absolute_position\": false,\r\n      \"frameOverflow\": \"\"\r\n    }\r\n  ]\r\n}","_links":{"self":[{"href":"https:\/\/festivalpacodeluciamallorca.com\/ca\/wp-json\/wp\/v2\/pages\/608","targetHints":{"allow":["GET"]}}],"collection":[{"href":"https:\/\/festivalpacodeluciamallorca.com\/ca\/wp-json\/wp\/v2\/pages"}],"about":[{"href":"https:\/\/festivalpacodeluciamallorca.com\/ca\/wp-json\/wp\/v2\/types\/page"}],"author":[{"embeddable":true,"href":"https:\/\/festivalpacodeluciamallorca.com\/ca\/wp-json\/wp\/v2\/users\/1"}],"replies":[{"embeddable":true,"href":"https:\/\/festivalpacodeluciamallorca.com\/ca\/wp-json\/wp\/v2\/comments?post=608"}],"version-history":[{"count":0,"href":"https:\/\/festivalpacodeluciamallorca.com\/ca\/wp-json\/wp\/v2\/pages\/608\/revisions"}],"wp:attachment":[{"href":"https:\/\/festivalpacodeluciamallorca.com\/ca\/wp-json\/wp\/v2\/media?parent=608"}],"curies":[{"name":"wp","href":"https:\/\/api.w.org\/{rel}","templated":true}]}}