{"id":614,"date":"2025-02-24T13:28:29","date_gmt":"2025-02-24T13:28:29","guid":{"rendered":"https:\/\/festivalpacodeluciamallorca.com\/historia-copy\/"},"modified":"2025-02-24T17:26:31","modified_gmt":"2025-02-24T17:26:31","slug":"sobre-el-festival","status":"publish","type":"page","link":"https:\/\/festivalpacodeluciamallorca.com\/ca\/sobre-el-festival\/","title":{"rendered":"Sobre el festival"},"content":{"rendered":"<p><img loading=\"lazy\" decoding=\"async\" width=\"810\" height=\"810\" src=\"https:\/\/festivalpacodeluciamallorca.com\/wp-content\/uploads\/2024\/08\/Diseno-sin-titulo-65.png\" alt=\"\" \/>\t\t\t\t\t\t\t\t\t\t\t\t\t<\/p>\n<h1 style=\"text-align: center\">WEB EN RE-CONSTRUCCI\u00d3N<\/h1>\n<h1 style=\"text-align: center\">\u00a1COMING SOON!<\/h1>\n<p><a style=\"color: #ffffff\" href=\"mailto:solbescos@gmail.com\" target=\"_blank\" rel=\"noopener\">CONTACTO<\/a><\/p>\n<p><a style=\"color: #ffffff\" href=\"https:\/\/www.instagram.com\/festivalpacodeluciamallorca\/\" target=\"_blank\" rel=\"noopener\">INSTAGRAM<\/a><\/p>\n","protected":false},"excerpt":{"rendered":"<p>WEB EN RE-CONSTRUCCI\u00d3N \u00a1COMING SOON! CONTACTO INSTAGRAM<\/p>\n","protected":false},"author":1,"featured_media":0,"parent":0,"menu_order":10,"comment_status":"closed","ping_status":"closed","template":"","meta":[],"class_list":["post-614","page","type-page","status-publish","hentry"],"yoast_head":"<!-- This site is optimized with the Yoast SEO plugin v27.5 - https:\/\/yoast.com\/product\/yoast-seo-wordpress\/ -->\n<title>Sobre el festival - Festival Paco de Luc\u00eda Mallorca<\/title>\n<meta name=\"robots\" content=\"index, follow, max-snippet:-1, max-image-preview:large, max-video-preview:-1\" \/>\n<link rel=\"canonical\" href=\"https:\/\/festivalpacodeluciamallorca.com\/ca\/sobre-el-festival\/\" \/>\n<meta property=\"og:locale\" content=\"ca_ES\" \/>\n<meta property=\"og:type\" content=\"article\" \/>\n<meta property=\"og:title\" content=\"Sobre el festival - Festival Paco de Luc\u00eda Mallorca\" \/>\n<meta property=\"og:description\" content=\"WEB EN RE-CONSTRUCCI\u00d3N \u00a1COMING SOON! CONTACTO INSTAGRAM\" \/>\n<meta property=\"og:url\" content=\"https:\/\/festivalpacodeluciamallorca.com\/ca\/sobre-el-festival\/\" \/>\n<meta property=\"og:site_name\" content=\"Festival Paco de Luc\u00eda Mallorca\" \/>\n<meta property=\"article:publisher\" content=\"https:\/\/www.facebook.com\/festivalpacodeluciamallorca\" \/>\n<meta property=\"article:modified_time\" content=\"2025-02-24T17:26:31+00:00\" \/>\n<meta property=\"og:image\" content=\"https:\/\/festivalpacodeluciamallorca.com\/wp-content\/uploads\/2024\/08\/Diseno-sin-titulo-65.png\" \/>\n<meta name=\"twitter:card\" content=\"summary_large_image\" \/>\n<meta name=\"twitter:label1\" content=\"Est. reading time\" \/>\n\t<meta name=\"twitter:data1\" content=\"5 minutes\" \/>\n<script type=\"application\/ld+json\" class=\"yoast-schema-graph\">{\"@context\":\"https:\\\/\\\/schema.org\",\"@graph\":[{\"@type\":\"WebPage\",\"@id\":\"https:\\\/\\\/festivalpacodeluciamallorca.com\\\/ca\\\/sobre-el-festival\\\/\",\"url\":\"https:\\\/\\\/festivalpacodeluciamallorca.com\\\/ca\\\/sobre-el-festival\\\/\",\"name\":\"Sobre el festival - Festival Paco de Luc\u00eda Mallorca\",\"isPartOf\":{\"@id\":\"https:\\\/\\\/festivalpacodeluciamallorca.com\\\/ca\\\/#website\"},\"primaryImageOfPage\":{\"@id\":\"https:\\\/\\\/festivalpacodeluciamallorca.com\\\/ca\\\/sobre-el-festival\\\/#primaryimage\"},\"image\":{\"@id\":\"https:\\\/\\\/festivalpacodeluciamallorca.com\\\/sobre-el-festival\\\/#primaryimage\"},\"thumbnailUrl\":\"https:\\\/\\\/festivalpacodeluciamallorca.com\\\/wp-content\\\/uploads\\\/2024\\\/08\\\/Diseno-sin-titulo-65.png\",\"datePublished\":\"2025-02-24T13:28:29+00:00\",\"dateModified\":\"2025-02-24T17:26:31+00:00\",\"breadcrumb\":{\"@id\":\"https:\\\/\\\/festivalpacodeluciamallorca.com\\\/ca\\\/sobre-el-festival\\\/#breadcrumb\"},\"inLanguage\":\"ca-ES\",\"potentialAction\":[{\"@type\":\"ReadAction\",\"target\":[[\"https:\\\/\\\/festivalpacodeluciamallorca.com\\\/ca\\\/sobre-el-festival\\\/\"]]}]},{\"@type\":\"ImageObject\",\"inLanguage\":\"ca-ES\",\"@id\":\"https:\\\/\\\/festivalpacodeluciamallorca.com\\\/ca\\\/sobre-el-festival\\\/#primaryimage\",\"url\":\"https:\\\/\\\/festivalpacodeluciamallorca.com\\\/wp-content\\\/uploads\\\/2024\\\/08\\\/Diseno-sin-titulo-65.png\",\"contentUrl\":\"https:\\\/\\\/festivalpacodeluciamallorca.com\\\/wp-content\\\/uploads\\\/2024\\\/08\\\/Diseno-sin-titulo-65.png\"},{\"@type\":\"BreadcrumbList\",\"@id\":\"https:\\\/\\\/festivalpacodeluciamallorca.com\\\/ca\\\/sobre-el-festival\\\/#breadcrumb\",\"itemListElement\":[{\"@type\":\"ListItem\",\"position\":1,\"name\":\"Portada\",\"item\":\"https:\\\/\\\/festivalpacodeluciamallorca.com\\\/ca\\\/\"},{\"@type\":\"ListItem\",\"position\":2,\"name\":\"Sobre el festival\"}]},{\"@type\":\"WebSite\",\"@id\":\"https:\\\/\\\/festivalpacodeluciamallorca.com\\\/ca\\\/#website\",\"url\":\"https:\\\/\\\/festivalpacodeluciamallorca.com\\\/ca\\\/\",\"name\":\"Festival Paco de Luc\u00eda Mallorca\",\"description\":\"[:es]EDICI\u00d3N IV 2025[:ca]EDICI\u00d3 IV 2025[:]\",\"publisher\":{\"@id\":\"https:\\\/\\\/festivalpacodeluciamallorca.com\\\/ca\\\/#organization\"},\"potentialAction\":[{\"@type\":\"SearchAction\",\"target\":{\"@type\":\"EntryPoint\",\"urlTemplate\":\"https:\\\/\\\/festivalpacodeluciamallorca.com\\\/ca\\\/?s={search_term_string}\"},\"query-input\":{\"@type\":\"PropertyValueSpecification\",\"valueRequired\":true,\"valueName\":\"search_term_string\"}}],\"inLanguage\":\"ca-ES\"},{\"@type\":\"Organization\",\"@id\":\"https:\\\/\\\/festivalpacodeluciamallorca.com\\\/ca\\\/#organization\",\"name\":\"Fundaci\u00f3n Paco de Luc\u00eda\",\"url\":\"https:\\\/\\\/festivalpacodeluciamallorca.com\\\/ca\\\/\",\"logo\":{\"@type\":\"ImageObject\",\"inLanguage\":\"ca-ES\",\"@id\":\"https:\\\/\\\/festivalpacodeluciamallorca.com\\\/ca\\\/#\\\/schema\\\/logo\\\/image\\\/\",\"url\":\"https:\\\/\\\/festivalpacodeluciamallorca.com\\\/wp-content\\\/uploads\\\/2022\\\/01\\\/5-2.png\",\"contentUrl\":\"https:\\\/\\\/festivalpacodeluciamallorca.com\\\/wp-content\\\/uploads\\\/2022\\\/01\\\/5-2.png\",\"width\":500,\"height\":200,\"caption\":\"Fundaci\u00f3n Paco de Luc\u00eda\"},\"image\":{\"@id\":\"https:\\\/\\\/festivalpacodeluciamallorca.com\\\/ca\\\/#\\\/schema\\\/logo\\\/image\\\/\"},\"sameAs\":[\"https:\\\/\\\/www.facebook.com\\\/festivalpacodeluciamallorca\",\"https:\\\/\\\/www.instagram.com\\\/festivalpacodeluciamallorca\\\/\"]}]}<\/script>\n<!-- \/ Yoast SEO plugin. -->","yoast_head_json":{"title":"Sobre el festival - Festival Paco de Luc\u00eda Mallorca","robots":{"index":"index","follow":"follow","max-snippet":"max-snippet:-1","max-image-preview":"max-image-preview:large","max-video-preview":"max-video-preview:-1"},"canonical":"https:\/\/festivalpacodeluciamallorca.com\/ca\/sobre-el-festival\/","og_locale":"ca_ES","og_type":"article","og_title":"Sobre el festival - Festival Paco de Luc\u00eda Mallorca","og_description":"WEB EN RE-CONSTRUCCI\u00d3N \u00a1COMING SOON! CONTACTO INSTAGRAM","og_url":"https:\/\/festivalpacodeluciamallorca.com\/ca\/sobre-el-festival\/","og_site_name":"Festival Paco de Luc\u00eda Mallorca","article_publisher":"https:\/\/www.facebook.com\/festivalpacodeluciamallorca","article_modified_time":"2025-02-24T17:26:31+00:00","og_image":[{"url":"https:\/\/festivalpacodeluciamallorca.com\/wp-content\/uploads\/2024\/08\/Diseno-sin-titulo-65.png","type":"","width":"","height":""}],"twitter_card":"summary_large_image","twitter_misc":{"Est. reading time":"5 minutes"},"schema":{"@context":"https:\/\/schema.org","@graph":[{"@type":"WebPage","@id":"https:\/\/festivalpacodeluciamallorca.com\/ca\/sobre-el-festival\/","url":"https:\/\/festivalpacodeluciamallorca.com\/ca\/sobre-el-festival\/","name":"Sobre el festival - Festival Paco de Luc\u00eda Mallorca","isPartOf":{"@id":"https:\/\/festivalpacodeluciamallorca.com\/ca\/#website"},"primaryImageOfPage":{"@id":"https:\/\/festivalpacodeluciamallorca.com\/ca\/sobre-el-festival\/#primaryimage"},"image":{"@id":"https:\/\/festivalpacodeluciamallorca.com\/sobre-el-festival\/#primaryimage"},"thumbnailUrl":"https:\/\/festivalpacodeluciamallorca.com\/wp-content\/uploads\/2024\/08\/Diseno-sin-titulo-65.png","datePublished":"2025-02-24T13:28:29+00:00","dateModified":"2025-02-24T17:26:31+00:00","breadcrumb":{"@id":"https:\/\/festivalpacodeluciamallorca.com\/ca\/sobre-el-festival\/#breadcrumb"},"inLanguage":"ca-ES","potentialAction":[{"@type":"ReadAction","target":[["https:\/\/festivalpacodeluciamallorca.com\/ca\/sobre-el-festival\/"]]}]},{"@type":"ImageObject","inLanguage":"ca-ES","@id":"https:\/\/festivalpacodeluciamallorca.com\/ca\/sobre-el-festival\/#primaryimage","url":"https:\/\/festivalpacodeluciamallorca.com\/wp-content\/uploads\/2024\/08\/Diseno-sin-titulo-65.png","contentUrl":"https:\/\/festivalpacodeluciamallorca.com\/wp-content\/uploads\/2024\/08\/Diseno-sin-titulo-65.png"},{"@type":"BreadcrumbList","@id":"https:\/\/festivalpacodeluciamallorca.com\/ca\/sobre-el-festival\/#breadcrumb","itemListElement":[{"@type":"ListItem","position":1,"name":"Portada","item":"https:\/\/festivalpacodeluciamallorca.com\/ca\/"},{"@type":"ListItem","position":2,"name":"Sobre el festival"}]},{"@type":"WebSite","@id":"https:\/\/festivalpacodeluciamallorca.com\/ca\/#website","url":"https:\/\/festivalpacodeluciamallorca.com\/ca\/","name":"Festival Paco de Luc\u00eda Mallorca","description":"[:es]EDICI\u00d3N IV 2025[:ca]EDICI\u00d3 IV 2025[:]","publisher":{"@id":"https:\/\/festivalpacodeluciamallorca.com\/ca\/#organization"},"potentialAction":[{"@type":"SearchAction","target":{"@type":"EntryPoint","urlTemplate":"https:\/\/festivalpacodeluciamallorca.com\/ca\/?s={search_term_string}"},"query-input":{"@type":"PropertyValueSpecification","valueRequired":true,"valueName":"search_term_string"}}],"inLanguage":"ca-ES"},{"@type":"Organization","@id":"https:\/\/festivalpacodeluciamallorca.com\/ca\/#organization","name":"Fundaci\u00f3n Paco de Luc\u00eda","url":"https:\/\/festivalpacodeluciamallorca.com\/ca\/","logo":{"@type":"ImageObject","inLanguage":"ca-ES","@id":"https:\/\/festivalpacodeluciamallorca.com\/ca\/#\/schema\/logo\/image\/","url":"https:\/\/festivalpacodeluciamallorca.com\/wp-content\/uploads\/2022\/01\/5-2.png","contentUrl":"https:\/\/festivalpacodeluciamallorca.com\/wp-content\/uploads\/2022\/01\/5-2.png","width":500,"height":200,"caption":"Fundaci\u00f3n Paco de Luc\u00eda"},"image":{"@id":"https:\/\/festivalpacodeluciamallorca.com\/ca\/#\/schema\/logo\/image\/"},"sameAs":["https:\/\/www.facebook.com\/festivalpacodeluciamallorca","https:\/\/www.instagram.com\/festivalpacodeluciamallorca\/"]}]}},"grid":"{\r\n  \"colCount\": 21,\r\n  \"colGutter\": 12,\r\n  \"rowGutters\": [\r\n    12,\r\n    24,\r\n    40,\r\n    40,\r\n    80,\r\n    24,\r\n    40,\r\n    40\r\n  ],\r\n  \"frameMargin\": 5,\r\n  \"leftFrameMargin\": 24,\r\n  \"rightFrameMargin\": 24,\r\n  \"topFrameMargin\": 24,\r\n  \"mus\": {\r\n    \"colGutterMu\": \"px\",\r\n    \"rowGutterMu\": \"px\",\r\n    \"topFrameMu\": \"px\",\r\n    \"bottomFrameMu\": \"px\",\r\n    \"frameMu\": \"px\"\r\n  },\r\n  \"bottomFrameMargin\": 80,\r\n  \"rowAttrs\": [\r\n    {\r\n      \"row100vh\": false,\r\n      \"rowcustomheight\": \"75vh\",\r\n      \"relid\": 11\r\n    },\r\n    {\r\n      \"relid\": 3\r\n    },\r\n    {\r\n      \"relid\": 29\r\n    },\r\n    {\r\n      \"row100vh\": false,\r\n      \"rowcustomheight\": \"50vh\",\r\n      \"relid\": 28\r\n    },\r\n    {\r\n      \"relid\": 2\r\n    },\r\n    {\r\n      \"relid\": 19\r\n    },\r\n    {\r\n      \"relid\": 10\r\n    },\r\n    {\r\n      \"relid\": 17\r\n    },\r\n    {\r\n      \"row100vh\": false,\r\n      \"rowcustomheight\": \"50vh\",\r\n      \"relid\": 20\r\n    }\r\n  ],\r\n  \"bgColor\": null,\r\n  \"bgImage\": {\r\n    \"attid\": 553,\r\n    \"url\": \"\/wp-content\/uploads\/2025\/02\/Background.svg\",\r\n    \"sizes\": []\r\n  },\r\n  \"cont\": [\r\n    {\r\n      \"type\": \"text\",\r\n      \"cont\": \"<p style=\\\"text-align: center;\\\"><span style=\\\"font-size: 16px;\\\">SOBRE EL FESTIVAL<\/span><\/p>\",\r\n      \"align\": \"bottom\",\r\n      \"row\": 0,\r\n      \"col\": 0,\r\n      \"colspan\": 21,\r\n      \"offsetx\": 0,\r\n      \"offsety\": 0,\r\n      \"spaceabove\": 0,\r\n      \"spacebelow\": 5,\r\n      \"yvel\": 1,\r\n      \"push\": 0,\r\n      \"relid\": 7,\r\n      \"absolute_position\": true,\r\n      \"frameOverflow\": \"\"\r\n    },\r\n    {\r\n      \"type\": \"hr\",\r\n      \"cont\": \"\",\r\n      \"align\": \"top\",\r\n      \"row\": 1,\r\n      \"col\": 0,\r\n      \"colspan\": 21,\r\n      \"offsetx\": 0,\r\n      \"offsety\": 0,\r\n      \"spaceabove\": 0,\r\n      \"spacebelow\": 0,\r\n      \"yvel\": 1,\r\n      \"push\": 0,\r\n      \"relid\": 6,\r\n      \"absolute_position\": false,\r\n      \"frameOverflow\": \"both\"\r\n    },\r\n    {\r\n      \"type\": \"text\",\r\n      \"cont\": \"<p class=\\\"_P2\\\" style=\\\"text-align: left;\\\"><span style=\\\"font-weight: 400; color: #ffffff; font-size: 24px;\\\">El Festival Paco de Luc\u00eda Mallorca va n\u00e9ixer el 2022 amb el prop\u00f2sit de celebrar i retre homenatge a la figura del llegendari guitarrista Paco de Luc\u00eda, declarat fill adoptiu de l\u2019illa pel Consell de Mallorca el 2014. De fet, el gran mestre pass\u00e0 els seus darrers anys a l\u2019illa, on va compondre i gravar el seu darrer treball, \u2018Canci\u00f3n Andaluza\u2019, reconegut amb un premi Grammy al millor \u00e0lbum de l\u2019any.<\/span><\/p>\",\r\n      \"align\": \"top\",\r\n      \"row\": 2,\r\n      \"col\": 1,\r\n      \"colspan\": 11,\r\n      \"offsetx\": 0,\r\n      \"offsety\": 0,\r\n      \"spaceabove\": 0,\r\n      \"spacebelow\": 0,\r\n      \"yvel\": 1,\r\n      \"push\": 1,\r\n      \"relid\": 8,\r\n      \"absolute_position\": false,\r\n      \"dosync\": false,\r\n      \"frameOverflow\": \"\"\r\n    },\r\n    {\r\n      \"type\": \"text\",\r\n      \"cont\": \"<p class=\\\"_P3\\\" style=\\\"text-align: left;\\\"><span style=\\\"font-weight: 400; color: #ffffff; font-size: 16px;\\\">Fundat per Soledad Besc\u00f3s, el Festival Paco de Luc\u00eda Mallorca -l\u2019\u00fanic amb el seu nom consensuat amb la Fundaci\u00f3n Paco de Luc\u00eda que se celebra anualment- determina el seu car\u00e0cter ben\u00e8fic a favor de la Fundaci\u00f3: amb els fons que s\u2019obtenen es preserva el llegat de l\u2019artista i a trav\u00e9s de programes que apliquen la innovaci\u00f3 pedag\u00f2gica a l\u2019ensenyament musical es facilita formaci\u00f3 a talents amb dificultats per a accedir a ella.<\/span><\/p>\",\r\n      \"align\": \"bottom\",\r\n      \"row\": 3,\r\n      \"col\": 5,\r\n      \"colspan\": 8,\r\n      \"offsetx\": 0,\r\n      \"offsety\": 0,\r\n      \"spaceabove\": 0,\r\n      \"spacebelow\": 0,\r\n      \"yvel\": 1,\r\n      \"push\": 5,\r\n      \"relid\": 1,\r\n      \"absolute_position\": true,\r\n      \"frameOverflow\": \"\"\r\n    },\r\n    {\r\n      \"type\": \"img\",\r\n      \"cont\": \"\/wp-content\/uploads\/2025\/02\/0f9876bb-8e18-4adb-83ad-6f830cdf1ec1_alta-libre-aspect-ratio_default_0.png\",\r\n      \"align\": \"top\",\r\n      \"row\": 3,\r\n      \"col\": 14,\r\n      \"colspan\": 6,\r\n      \"offsetx\": 0,\r\n      \"offsety\": 0,\r\n      \"spaceabove\": 0,\r\n      \"spacebelow\": 0,\r\n      \"yvel\": 1,\r\n      \"push\": 14,\r\n      \"relid\": 15,\r\n      \"attid\": 638,\r\n      \"sizes\": {\r\n        \"full\": \"\/wp-content\/uploads\/2025\/02\/0f9876bb-8e18-4adb-83ad-6f830cdf1ec1_alta-libre-aspect-ratio_default_0.png\",\r\n        \"_768\": \"\/wp-content\/uploads\/2025\/02\/0f9876bb-8e18-4adb-83ad-6f830cdf1ec1_alta-libre-aspect-ratio_default_0-768x930.png\",\r\n        \"_512\": \"\/wp-content\/uploads\/2025\/02\/0f9876bb-8e18-4adb-83ad-6f830cdf1ec1_alta-libre-aspect-ratio_default_0-512x620.png\",\r\n        \"_265\": \"\/wp-content\/uploads\/2025\/02\/0f9876bb-8e18-4adb-83ad-6f830cdf1ec1_alta-libre-aspect-ratio_default_0-265x321.png\"\r\n      },\r\n      \"w\": 808,\r\n      \"h\": 978,\r\n      \"ar\": 1.2103960396039604,\r\n      \"alt\": \"\",\r\n      \"absolute_position\": true\r\n    },\r\n    {\r\n      \"type\": \"text\",\r\n      \"cont\": \"<p class=\\\"_P3\\\" style=\\\"text-align: left;\\\"><span style=\\\"font-weight: 400; color: #ffffff; font-size: 16px;\\\"><em>\u2018Mallorca tiene un poso de todas las culturas mediterr\u00e1neas de siglos que se ha de conservar para nunca dejar de ser un sitio para so\u00f1ar y tocar la guitarra. En Mallorca encontr\u00e9 la magia y la inspiraci\u00f3n para trabajar, adem\u00e1s de la paz, la serenidad y el sosiego que hab\u00eda estado buscando durante a\u00f1os. No me muevo m\u00e1s\u2019<\/em> - Paco de Luc\u00eda<br \/><br \/>El 2025, el festival es consolida com una cita ineludible per als amants de la cultura i del flamenc -patrimoni immaterial de la humanitat- i celebra la universalitat de la m\u00fasica de Paco de Luc\u00eda i la seva capacitat de commoure diferents sensibilitats.<\/span><\/p>\",\r\n      \"align\": \"top\",\r\n      \"row\": 4,\r\n      \"col\": 14,\r\n      \"colspan\": 6,\r\n      \"offsetx\": 0,\r\n      \"offsety\": 0,\r\n      \"spaceabove\": 0,\r\n      \"spacebelow\": 0,\r\n      \"yvel\": 1,\r\n      \"push\": 14,\r\n      \"relid\": 5,\r\n      \"absolute_position\": false,\r\n      \"frameOverflow\": \"\"\r\n    },\r\n    {\r\n      \"type\": \"img\",\r\n      \"cont\": \"\/wp-content\/uploads\/2025\/02\/GettyImages-89455215.jpg\",\r\n      \"align\": \"middle\",\r\n      \"row\": 5,\r\n      \"col\": 0,\r\n      \"colspan\": 21,\r\n      \"offsetx\": 0,\r\n      \"offsety\": 0,\r\n      \"spaceabove\": 0,\r\n      \"spacebelow\": 0,\r\n      \"yvel\": 1,\r\n      \"push\": 0,\r\n      \"relid\": 22,\r\n      \"attid\": 643,\r\n      \"sizes\": {\r\n        \"full\": \"\/wp-content\/uploads\/2025\/02\/GettyImages-89455215.jpg\",\r\n        \"_1920\": \"\/wp-content\/uploads\/2025\/02\/GettyImages-89455215-1920x1080.jpg\",\r\n        \"_1280\": \"\/wp-content\/uploads\/2025\/02\/GettyImages-89455215-1280x720.jpg\",\r\n        \"_1024\": \"\/wp-content\/uploads\/2025\/02\/GettyImages-89455215-1024x576.jpg\",\r\n        \"_768\": \"\/wp-content\/uploads\/2025\/02\/GettyImages-89455215-768x432.jpg\",\r\n        \"_512\": \"\/wp-content\/uploads\/2025\/02\/GettyImages-89455215-512x288.jpg\",\r\n        \"_265\": \"\/wp-content\/uploads\/2025\/02\/GettyImages-89455215-265x149.jpg\"\r\n      },\r\n      \"w\": 2000,\r\n      \"h\": 1125,\r\n      \"ar\": 0.5625,\r\n      \"alt\": \"\",\r\n      \"absolute_position\": false,\r\n      \"frameOverflow\": \"both\"\r\n    },\r\n    {\r\n      \"type\": \"text\",\r\n      \"cont\": \"<h1><span style=\\\"font-size: 24px; font-family: FPDLM-Mono-Regular;\\\">La Fundaci\u00f3n<br \/>Paco de Luc\u00eda<\/span><\/h1>\",\r\n      \"align\": \"top\",\r\n      \"row\": 6,\r\n      \"col\": 1,\r\n      \"colspan\": 10,\r\n      \"offsetx\": 0,\r\n      \"offsety\": 0,\r\n      \"spaceabove\": 0,\r\n      \"spacebelow\": 0,\r\n      \"yvel\": 1,\r\n      \"push\": 1,\r\n      \"relid\": 16,\r\n      \"absolute_position\": false\r\n    },\r\n    {\r\n      \"type\": \"text\",\r\n      \"cont\": \"<p class=\\\"_P3\\\" style=\\\"text-align: left;\\\"><span style=\\\"font-weight: 400; color: #ffffff; font-size: 16px;\\\">La Fundaci\u00f3n Paco de Luc\u00eda va n\u00e9ixer amb l\u2019objectiu de contribuir al que fou el gran prop\u00f2sit de Paco de Luc\u00eda: dotar al flamenc del prestigi internacional que mereix. Per a aconseguir aquest prop\u00f2sit, la fundaci\u00f3 t\u00e9 la missi\u00f3 d\u2019explorar, entendre i difondre la figura del mestre a trav\u00e9s del seu testimoni -musical i hum\u00e0- per a continuar enriquint el flamenc des de la mirada de l'artista.<\/span><\/p>\",\r\n      \"align\": \"bottom\",\r\n      \"row\": 7,\r\n      \"col\": 1,\r\n      \"colspan\": 9,\r\n      \"offsetx\": 0,\r\n      \"offsety\": 0,\r\n      \"spaceabove\": 0,\r\n      \"spacebelow\": 0,\r\n      \"yvel\": 1,\r\n      \"push\": 1,\r\n      \"relid\": 18,\r\n      \"absolute_position\": false,\r\n      \"frameOverflow\": \"\"\r\n    },\r\n    {\r\n      \"type\": \"text\",\r\n      \"cont\": \"<p class=\\\"_P3\\\" style=\\\"text-align: left;\\\"><span style=\\\"font-weight: 400; color: #ffffff; font-size: 16px;\\\">La fundaci\u00f3 desenvolupa projectes rellevants per a tot aquell que vol apropar-se o aprofundir en la cultura flamenca a trav\u00e9s de la m\u00fasica i les arts. Noves generacions, seguidors i estudiosos de Paco de Luc\u00eda, artistes -professionals reconeguts i emergents-, aficionats, investigadors i professionals de la informaci\u00f3 i l'educaci\u00f3, persones o col\u00b7lectius desfavorits o visitants internacionals. El car\u00e0cter obert, h\u00edbrid i accessible de la fundaci\u00f3 ofereix espai per a tots els p\u00fablics.<\/span><\/p>\",\r\n      \"align\": \"top\",\r\n      \"row\": 8,\r\n      \"col\": 13,\r\n      \"colspan\": 8,\r\n      \"offsetx\": 0,\r\n      \"offsety\": 0,\r\n      \"spaceabove\": 0,\r\n      \"spacebelow\": 0,\r\n      \"yvel\": 1,\r\n      \"push\": 13,\r\n      \"relid\": 21,\r\n      \"absolute_position\": true,\r\n      \"frameOverflow\": \"\"\r\n    }\r\n  ]\r\n}","phonegrid":"{\r\n  \"colCount\": 12,\r\n  \"colGutter\": 1,\r\n  \"rowGutters\": [\r\n    5,\r\n    5,\r\n    5,\r\n    \"5\",\r\n    \"10\",\r\n    \"20\",\r\n    5,\r\n    5,\r\n    5\r\n  ],\r\n  \"frameMargin\": 5,\r\n  \"topFrameMargin\": 5,\r\n  \"rightFrameMargin\": 5,\r\n  \"bottomFrameMargin\": \"20\",\r\n  \"leftFrameMargin\": 5,\r\n  \"mus\": {\r\n    \"colGutterMu\": \"%\",\r\n    \"rowGutterMu\": \"%\",\r\n    \"topFrameMu\": \"%\",\r\n    \"bottomFrameMu\": \"%\",\r\n    \"frameMu\": \"%\"\r\n  },\r\n  \"rowAttrs\": [\r\n    {\r\n      \"relid\": 77,\r\n      \"rowcustomheight\": \"30vh\",\r\n      \"row100vh\": false\r\n    },\r\n    {\r\n      \"relid\": 13\r\n    },\r\n    {\r\n      \"relid\": 79\r\n    },\r\n    {\r\n      \"relid\": 12\r\n    },\r\n    {\r\n      \"relid\": 4\r\n    },\r\n    {\r\n      \"relid\": 9\r\n    },\r\n    {\r\n      \"relid\": 14\r\n    },\r\n    {\r\n      \"relid\": 24\r\n    },\r\n    {\r\n      \"relid\": 26\r\n    },\r\n    {\r\n      \"relid\": 27\r\n    }\r\n  ],\r\n  \"bgColor\": null,\r\n  \"bgImage\": {\r\n    \"attid\": 553,\r\n    \"url\": \"\/wp-content\/uploads\/2025\/02\/Background.svg\",\r\n    \"sizes\": {}\r\n  },\r\n  \"cont\": [\r\n    {\r\n      \"type\": \"text\",\r\n      \"cont\": \"<p style=\\\"text-align: center;\\\"><span style=\\\"font-size: 16px;\\\">SOBRE EL FESTIVAL<\/span><\/p>\",\r\n      \"align\": \"bottom\",\r\n      \"row\": 0,\r\n      \"col\": 0,\r\n      \"colspan\": 12,\r\n      \"offsetx\": 0,\r\n      \"offsety\": 0,\r\n      \"spaceabove\": 0,\r\n      \"spacebelow\": \"10\",\r\n      \"yvel\": 1,\r\n      \"push\": 0,\r\n      \"relid\": 7,\r\n      \"absolute_position\": true,\r\n      \"frameOverflow\": \"\"\r\n    },\r\n    {\r\n      \"type\": \"hr\",\r\n      \"cont\": \"\",\r\n      \"align\": \"top\",\r\n      \"row\": 1,\r\n      \"col\": 0,\r\n      \"colspan\": 12,\r\n      \"offsetx\": 0,\r\n      \"offsety\": 0,\r\n      \"spaceabove\": 0,\r\n      \"spacebelow\": 0,\r\n      \"yvel\": 1,\r\n      \"push\": 0,\r\n      \"relid\": 6,\r\n      \"absolute_position\": false,\r\n      \"frameOverflow\": \"both\"\r\n    },\r\n    {\r\n      \"type\": \"text\",\r\n      \"cont\": \"<p class=\\\"_P2\\\" style=\\\"text-align: left;\\\"><span style=\\\"font-weight: 400; color: #ffffff; font-size: 20px;\\\">El Festival Paco de Luc\u00eda Mallorca va n\u00e9ixer el 2022 amb el prop\u00f2sit de celebrar i retre homenatge a la figura del llegendari guitarrista Paco de Luc\u00eda, declarat fill adoptiu de l\u2019illa pel Consell de Mallorca el 2014. De fet, el gran mestre pass\u00e0 els seus darrers anys a l\u2019illa, on va compondre i gravar el seu darrer treball, \u2018Canci\u00f3n Andaluza\u2019, reconegut amb un premi Grammy al millor \u00e0lbum de l\u2019any.<\/span><\/p>\",\r\n      \"align\": \"top\",\r\n      \"row\": 2,\r\n      \"col\": 0,\r\n      \"colspan\": 12,\r\n      \"offsetx\": 0,\r\n      \"offsety\": 0,\r\n      \"spaceabove\": 0,\r\n      \"spacebelow\": 0,\r\n      \"yvel\": 1,\r\n      \"push\": 0,\r\n      \"relid\": 8,\r\n      \"absolute_position\": false,\r\n      \"dosync\": false\r\n    },\r\n    {\r\n      \"type\": \"text\",\r\n      \"cont\": \"<p class=\\\"_P3\\\" style=\\\"text-align: left;\\\"><span style=\\\"font-weight: 400; color: #ffffff; font-size: 16px;\\\">Fundat per Soledad Besc\u00f3s, el Festival Paco de Luc\u00eda Mallorca -l\u2019\u00fanic amb el seu nom consensuat amb la Fundaci\u00f3n Paco de Luc\u00eda que se celebra anualment- determina el seu car\u00e0cter ben\u00e8fic a favor de la Fundaci\u00f3: amb els fons que s\u2019obtenen es preserva el llegat de l\u2019artista i a trav\u00e9s de programes que apliquen la innovaci\u00f3 pedag\u00f2gica a l\u2019ensenyament musical es facilita formaci\u00f3 a talents amb dificultats per a accedir a ella.<\/span><\/p>\",\r\n      \"align\": \"middle\",\r\n      \"row\": 3,\r\n      \"col\": 0,\r\n      \"colspan\": 11,\r\n      \"offsetx\": 0,\r\n      \"offsety\": 0,\r\n      \"spaceabove\": 0,\r\n      \"spacebelow\": 0,\r\n      \"yvel\": 1,\r\n      \"push\": 0,\r\n      \"relid\": 1,\r\n      \"absolute_position\": false,\r\n      \"frameOverflow\": \"\"\r\n    },\r\n    {\r\n      \"type\": \"img\",\r\n      \"cont\": \"\/wp-content\/uploads\/2025\/02\/0f9876bb-8e18-4adb-83ad-6f830cdf1ec1_alta-libre-aspect-ratio_default_0.png\",\r\n      \"align\": \"top\",\r\n      \"row\": 4,\r\n      \"col\": 0,\r\n      \"colspan\": 8,\r\n      \"offsetx\": 0,\r\n      \"offsety\": 0,\r\n      \"spaceabove\": 0,\r\n      \"spacebelow\": 0,\r\n      \"yvel\": 1,\r\n      \"push\": 0,\r\n      \"relid\": 15,\r\n      \"attid\": 638,\r\n      \"sizes\": {\r\n        \"full\": \"\/wp-content\/uploads\/2025\/02\/0f9876bb-8e18-4adb-83ad-6f830cdf1ec1_alta-libre-aspect-ratio_default_0.png\",\r\n        \"_768\": \"\/wp-content\/uploads\/2025\/02\/0f9876bb-8e18-4adb-83ad-6f830cdf1ec1_alta-libre-aspect-ratio_default_0-768x930.png\",\r\n        \"_512\": \"\/wp-content\/uploads\/2025\/02\/0f9876bb-8e18-4adb-83ad-6f830cdf1ec1_alta-libre-aspect-ratio_default_0-512x620.png\",\r\n        \"_265\": \"\/wp-content\/uploads\/2025\/02\/0f9876bb-8e18-4adb-83ad-6f830cdf1ec1_alta-libre-aspect-ratio_default_0-265x321.png\"\r\n      },\r\n      \"w\": 808,\r\n      \"h\": 978,\r\n      \"ar\": 1.2103960396039604,\r\n      \"alt\": \"\",\r\n      \"absolute_position\": false\r\n    },\r\n    {\r\n      \"type\": \"text\",\r\n      \"cont\": \"<p class=\\\"_P3\\\" style=\\\"text-align: left;\\\"><span style=\\\"font-weight: 400; color: #ffffff; font-size: 16px;\\\"><em>\u2018Mallorca tiene un poso de todas las culturas mediterr\u00e1neas de siglos que se ha de conservar para nunca dejar de ser un sitio para so\u00f1ar y tocar la guitarra. En Mallorca encontr\u00e9 la magia y la inspiraci\u00f3n para trabajar, adem\u00e1s de la paz, la serenidad y el sosiego que hab\u00eda estado buscando durante a\u00f1os. No me muevo m\u00e1s\u2019<\/em> - Paco de Luc\u00eda<br \/><br \/>El 2025, el festival es consolida com una cita ineludible per als amants de la cultura i del flamenc -patrimoni immaterial de la humanitat- i celebra la universalitat de la m\u00fasica de Paco de Luc\u00eda i la seva capacitat de commoure diferents sensibilitats.<\/span><\/p>\",\r\n      \"align\": \"middle\",\r\n      \"row\": 5,\r\n      \"col\": 0,\r\n      \"colspan\": 11,\r\n      \"offsetx\": 0,\r\n      \"offsety\": 0,\r\n      \"spaceabove\": 0,\r\n      \"spacebelow\": 0,\r\n      \"yvel\": 1,\r\n      \"push\": 0,\r\n      \"relid\": 5,\r\n      \"absolute_position\": false,\r\n      \"frameOverflow\": \"\"\r\n    },\r\n    {\r\n      \"type\": \"img\",\r\n      \"cont\": \"\/wp-content\/uploads\/2025\/02\/GettyImages-89455215.jpg\",\r\n      \"align\": \"middle\",\r\n      \"row\": 6,\r\n      \"col\": 0,\r\n      \"colspan\": 12,\r\n      \"offsetx\": 0,\r\n      \"offsety\": 0,\r\n      \"spaceabove\": 0,\r\n      \"spacebelow\": 0,\r\n      \"yvel\": 1,\r\n      \"push\": 0,\r\n      \"relid\": 22,\r\n      \"attid\": 643,\r\n      \"sizes\": {\r\n        \"full\": \"\/wp-content\/uploads\/2025\/02\/GettyImages-89455215.jpg\",\r\n        \"_1920\": \"\/wp-content\/uploads\/2025\/02\/GettyImages-89455215-1920x1080.jpg\",\r\n        \"_1280\": \"\/wp-content\/uploads\/2025\/02\/GettyImages-89455215-1280x720.jpg\",\r\n        \"_1024\": \"\/wp-content\/uploads\/2025\/02\/GettyImages-89455215-1024x576.jpg\",\r\n        \"_768\": \"\/wp-content\/uploads\/2025\/02\/GettyImages-89455215-768x432.jpg\",\r\n        \"_512\": \"\/wp-content\/uploads\/2025\/02\/GettyImages-89455215-512x288.jpg\",\r\n        \"_265\": \"\/wp-content\/uploads\/2025\/02\/GettyImages-89455215-265x149.jpg\"\r\n      },\r\n      \"w\": 2000,\r\n      \"h\": 1125,\r\n      \"ar\": 0.5625,\r\n      \"alt\": \"\",\r\n      \"absolute_position\": false,\r\n      \"frameOverflow\": \"both\"\r\n    },\r\n    {\r\n      \"type\": \"text\",\r\n      \"cont\": \"<h1><span style=\\\"font-size: 24px; font-family: FPDLM-Mono-Regular;\\\">La Fundaci\u00f3n<br \/>Paco de Luc\u00eda<\/span><\/h1>\",\r\n      \"align\": \"middle\",\r\n      \"row\": 7,\r\n      \"col\": 0,\r\n      \"colspan\": 11,\r\n      \"offsetx\": 0,\r\n      \"offsety\": 0,\r\n      \"spaceabove\": 0,\r\n      \"spacebelow\": 0,\r\n      \"yvel\": 1,\r\n      \"push\": 0,\r\n      \"relid\": 16,\r\n      \"absolute_position\": false,\r\n      \"frameOverflow\": \"\"\r\n    },\r\n    {\r\n      \"type\": \"text\",\r\n      \"cont\": \"<p class=\\\"_P3\\\" style=\\\"text-align: left;\\\"><span style=\\\"font-weight: 400; color: #ffffff; font-size: 16px;\\\">La Fundaci\u00f3n Paco de Luc\u00eda va n\u00e9ixer amb l\u2019objectiu de contribuir al que fou el gran prop\u00f2sit de Paco de Luc\u00eda: dotar al flamenc del prestigi internacional que mereix. Per a aconseguir aquest prop\u00f2sit, la fundaci\u00f3 t\u00e9 la missi\u00f3 d\u2019explorar, entendre i difondre la figura del mestre a trav\u00e9s del seu testimoni -musical i hum\u00e0- per a continuar enriquint el flamenc des de la mirada de l'artista.<\/span><\/p>\",\r\n      \"align\": \"bottom\",\r\n      \"row\": 8,\r\n      \"col\": 0,\r\n      \"colspan\": 12,\r\n      \"offsetx\": 0,\r\n      \"offsety\": 0,\r\n      \"spaceabove\": 0,\r\n      \"spacebelow\": 0,\r\n      \"yvel\": 1,\r\n      \"push\": 0,\r\n      \"relid\": 25,\r\n      \"absolute_position\": false,\r\n      \"frameOverflow\": \"\"\r\n    },\r\n    {\r\n      \"type\": \"text\",\r\n      \"cont\": \"<p class=\\\"_P3\\\" style=\\\"text-align: left;\\\"><span style=\\\"font-weight: 400; color: #ffffff; font-size: 16px;\\\">La fundaci\u00f3 desenvolupa projectes rellevants per a tot aquell que vol apropar-se o aprofundir en la cultura flamenca a trav\u00e9s de la m\u00fasica i les arts. Noves generacions, seguidors i estudiosos de Paco de Luc\u00eda, artistes -professionals reconeguts i emergents-, aficionats, investigadors i professionals de la informaci\u00f3 i l'educaci\u00f3, persones o col\u00b7lectius desfavorits o visitants internacionals. El car\u00e0cter obert, h\u00edbrid i accessible de la fundaci\u00f3 ofereix espai per a tots els p\u00fablics.<\/span><\/p>\",\r\n      \"align\": \"top\",\r\n      \"row\": 9,\r\n      \"col\": 0,\r\n      \"colspan\": 11,\r\n      \"offsetx\": 0,\r\n      \"offsety\": 0,\r\n      \"spaceabove\": 0,\r\n      \"spacebelow\": 0,\r\n      \"yvel\": 1,\r\n      \"push\": 0,\r\n      \"relid\": 30,\r\n      \"absolute_position\": false,\r\n      \"frameOverflow\": \"\"\r\n    }\r\n  ]\r\n}","_links":{"self":[{"href":"https:\/\/festivalpacodeluciamallorca.com\/ca\/wp-json\/wp\/v2\/pages\/614","targetHints":{"allow":["GET"]}}],"collection":[{"href":"https:\/\/festivalpacodeluciamallorca.com\/ca\/wp-json\/wp\/v2\/pages"}],"about":[{"href":"https:\/\/festivalpacodeluciamallorca.com\/ca\/wp-json\/wp\/v2\/types\/page"}],"author":[{"embeddable":true,"href":"https:\/\/festivalpacodeluciamallorca.com\/ca\/wp-json\/wp\/v2\/users\/1"}],"replies":[{"embeddable":true,"href":"https:\/\/festivalpacodeluciamallorca.com\/ca\/wp-json\/wp\/v2\/comments?post=614"}],"version-history":[{"count":0,"href":"https:\/\/festivalpacodeluciamallorca.com\/ca\/wp-json\/wp\/v2\/pages\/614\/revisions"}],"wp:attachment":[{"href":"https:\/\/festivalpacodeluciamallorca.com\/ca\/wp-json\/wp\/v2\/media?parent=614"}],"curies":[{"name":"wp","href":"https:\/\/api.w.org\/{rel}","templated":true}]}}