{"id":672,"date":"2025-02-24T16:09:05","date_gmt":"2025-02-24T16:09:05","guid":{"rendered":"https:\/\/festivalpacodeluciamallorca.com\/about-copy\/"},"modified":"2026-01-13T20:34:33","modified_gmt":"2026-01-13T20:34:33","slug":"beca-joves-talents","status":"publish","type":"page","link":"https:\/\/festivalpacodeluciamallorca.com\/ca\/beca-joves-talents\/","title":{"rendered":"BECA JOVES TALENTS"},"content":{"rendered":"<p><img loading=\"lazy\" decoding=\"async\" width=\"810\" height=\"810\" src=\"https:\/\/festivalpacodeluciamallorca.com\/wp-content\/uploads\/2024\/08\/Diseno-sin-titulo-65.png\" alt=\"\" \/>\t\t\t\t\t\t\t\t\t\t\t\t\t<\/p>\n<h1 style=\"text-align: center\">WEB EN RE-CONSTRUCCI\u00d3N<\/h1>\n<h1 style=\"text-align: center\">\u00a1COMING SOON!<\/h1>\n<p><a style=\"color: #ffffff\" href=\"mailto:solbescos@gmail.com\" target=\"_blank\" rel=\"noopener\">CONTACTO<\/a><\/p>\n<p><a style=\"color: #ffffff\" href=\"https:\/\/www.instagram.com\/festivalpacodeluciamallorca\/\" target=\"_blank\" rel=\"noopener\">INSTAGRAM<\/a><\/p>\n","protected":false},"excerpt":{"rendered":"<p>WEB EN RE-CONSTRUCCI\u00d3N \u00a1COMING SOON! CONTACTO INSTAGRAM<\/p>\n","protected":false},"author":1,"featured_media":0,"parent":0,"menu_order":11,"comment_status":"closed","ping_status":"closed","template":"","meta":[],"class_list":["post-672","page","type-page","status-publish","hentry"],"yoast_head":"<!-- This site is optimized with the Yoast SEO plugin v27.5 - https:\/\/yoast.com\/product\/yoast-seo-wordpress\/ -->\n<title>BECA JOVES TALENTS - Festival Paco de Luc\u00eda Mallorca<\/title>\n<meta name=\"robots\" content=\"index, follow, max-snippet:-1, max-image-preview:large, max-video-preview:-1\" \/>\n<link rel=\"canonical\" href=\"https:\/\/festivalpacodeluciamallorca.com\/ca\/beca-joves-talents\/\" \/>\n<meta property=\"og:locale\" content=\"ca_ES\" \/>\n<meta property=\"og:type\" content=\"article\" \/>\n<meta property=\"og:title\" content=\"BECA JOVES TALENTS - Festival Paco de Luc\u00eda Mallorca\" \/>\n<meta property=\"og:description\" content=\"WEB EN RE-CONSTRUCCI\u00d3N \u00a1COMING SOON! CONTACTO INSTAGRAM\" \/>\n<meta property=\"og:url\" content=\"https:\/\/festivalpacodeluciamallorca.com\/ca\/beca-joves-talents\/\" \/>\n<meta property=\"og:site_name\" content=\"Festival Paco de Luc\u00eda Mallorca\" \/>\n<meta property=\"article:publisher\" content=\"https:\/\/www.facebook.com\/festivalpacodeluciamallorca\" \/>\n<meta property=\"article:modified_time\" content=\"2026-01-13T20:34:33+00:00\" \/>\n<meta property=\"og:image\" content=\"https:\/\/festivalpacodeluciamallorca.com\/wp-content\/uploads\/2024\/08\/Diseno-sin-titulo-65.png\" \/>\n<meta name=\"twitter:card\" content=\"summary_large_image\" \/>\n<meta name=\"twitter:label1\" content=\"Est. reading time\" \/>\n\t<meta name=\"twitter:data1\" content=\"3 minutes\" \/>\n<script type=\"application\/ld+json\" class=\"yoast-schema-graph\">{\"@context\":\"https:\\\/\\\/schema.org\",\"@graph\":[{\"@type\":\"WebPage\",\"@id\":\"https:\\\/\\\/festivalpacodeluciamallorca.com\\\/ca\\\/beca-joves-talents\\\/\",\"url\":\"https:\\\/\\\/festivalpacodeluciamallorca.com\\\/ca\\\/beca-joves-talents\\\/\",\"name\":\"BECA JOVES TALENTS - Festival Paco de Luc\u00eda Mallorca\",\"isPartOf\":{\"@id\":\"https:\\\/\\\/festivalpacodeluciamallorca.com\\\/ca\\\/#website\"},\"primaryImageOfPage\":{\"@id\":\"https:\\\/\\\/festivalpacodeluciamallorca.com\\\/ca\\\/beca-joves-talents\\\/#primaryimage\"},\"image\":{\"@id\":\"https:\\\/\\\/festivalpacodeluciamallorca.com\\\/beca-joves-talents\\\/#primaryimage\"},\"thumbnailUrl\":\"https:\\\/\\\/festivalpacodeluciamallorca.com\\\/wp-content\\\/uploads\\\/2024\\\/08\\\/Diseno-sin-titulo-65.png\",\"datePublished\":\"2025-02-24T16:09:05+00:00\",\"dateModified\":\"2026-01-13T20:34:33+00:00\",\"breadcrumb\":{\"@id\":\"https:\\\/\\\/festivalpacodeluciamallorca.com\\\/ca\\\/beca-joves-talents\\\/#breadcrumb\"},\"inLanguage\":\"ca-ES\",\"potentialAction\":[{\"@type\":\"ReadAction\",\"target\":[[\"https:\\\/\\\/festivalpacodeluciamallorca.com\\\/ca\\\/beca-joves-talents\\\/\"]]}]},{\"@type\":\"ImageObject\",\"inLanguage\":\"ca-ES\",\"@id\":\"https:\\\/\\\/festivalpacodeluciamallorca.com\\\/ca\\\/beca-joves-talents\\\/#primaryimage\",\"url\":\"https:\\\/\\\/festivalpacodeluciamallorca.com\\\/wp-content\\\/uploads\\\/2024\\\/08\\\/Diseno-sin-titulo-65.png\",\"contentUrl\":\"https:\\\/\\\/festivalpacodeluciamallorca.com\\\/wp-content\\\/uploads\\\/2024\\\/08\\\/Diseno-sin-titulo-65.png\"},{\"@type\":\"BreadcrumbList\",\"@id\":\"https:\\\/\\\/festivalpacodeluciamallorca.com\\\/ca\\\/beca-joves-talents\\\/#breadcrumb\",\"itemListElement\":[{\"@type\":\"ListItem\",\"position\":1,\"name\":\"Portada\",\"item\":\"https:\\\/\\\/festivalpacodeluciamallorca.com\\\/ca\\\/\"},{\"@type\":\"ListItem\",\"position\":2,\"name\":\"Beca J\u00f3venes Talentos\"}]},{\"@type\":\"WebSite\",\"@id\":\"https:\\\/\\\/festivalpacodeluciamallorca.com\\\/ca\\\/#website\",\"url\":\"https:\\\/\\\/festivalpacodeluciamallorca.com\\\/ca\\\/\",\"name\":\"Festival Paco de Luc\u00eda Mallorca\",\"description\":\"[:es]EDICI\u00d3N IV 2025[:ca]EDICI\u00d3 IV 2025[:]\",\"publisher\":{\"@id\":\"https:\\\/\\\/festivalpacodeluciamallorca.com\\\/ca\\\/#organization\"},\"potentialAction\":[{\"@type\":\"SearchAction\",\"target\":{\"@type\":\"EntryPoint\",\"urlTemplate\":\"https:\\\/\\\/festivalpacodeluciamallorca.com\\\/ca\\\/?s={search_term_string}\"},\"query-input\":{\"@type\":\"PropertyValueSpecification\",\"valueRequired\":true,\"valueName\":\"search_term_string\"}}],\"inLanguage\":\"ca-ES\"},{\"@type\":\"Organization\",\"@id\":\"https:\\\/\\\/festivalpacodeluciamallorca.com\\\/ca\\\/#organization\",\"name\":\"Fundaci\u00f3n Paco de Luc\u00eda\",\"url\":\"https:\\\/\\\/festivalpacodeluciamallorca.com\\\/ca\\\/\",\"logo\":{\"@type\":\"ImageObject\",\"inLanguage\":\"ca-ES\",\"@id\":\"https:\\\/\\\/festivalpacodeluciamallorca.com\\\/ca\\\/#\\\/schema\\\/logo\\\/image\\\/\",\"url\":\"https:\\\/\\\/festivalpacodeluciamallorca.com\\\/wp-content\\\/uploads\\\/2022\\\/01\\\/5-2.png\",\"contentUrl\":\"https:\\\/\\\/festivalpacodeluciamallorca.com\\\/wp-content\\\/uploads\\\/2022\\\/01\\\/5-2.png\",\"width\":500,\"height\":200,\"caption\":\"Fundaci\u00f3n Paco de Luc\u00eda\"},\"image\":{\"@id\":\"https:\\\/\\\/festivalpacodeluciamallorca.com\\\/ca\\\/#\\\/schema\\\/logo\\\/image\\\/\"},\"sameAs\":[\"https:\\\/\\\/www.facebook.com\\\/festivalpacodeluciamallorca\",\"https:\\\/\\\/www.instagram.com\\\/festivalpacodeluciamallorca\\\/\"]}]}<\/script>\n<!-- \/ Yoast SEO plugin. -->","yoast_head_json":{"title":"BECA JOVES TALENTS - Festival Paco de Luc\u00eda Mallorca","robots":{"index":"index","follow":"follow","max-snippet":"max-snippet:-1","max-image-preview":"max-image-preview:large","max-video-preview":"max-video-preview:-1"},"canonical":"https:\/\/festivalpacodeluciamallorca.com\/ca\/beca-joves-talents\/","og_locale":"ca_ES","og_type":"article","og_title":"BECA JOVES TALENTS - Festival Paco de Luc\u00eda Mallorca","og_description":"WEB EN RE-CONSTRUCCI\u00d3N \u00a1COMING SOON! CONTACTO INSTAGRAM","og_url":"https:\/\/festivalpacodeluciamallorca.com\/ca\/beca-joves-talents\/","og_site_name":"Festival Paco de Luc\u00eda Mallorca","article_publisher":"https:\/\/www.facebook.com\/festivalpacodeluciamallorca","article_modified_time":"2026-01-13T20:34:33+00:00","og_image":[{"url":"https:\/\/festivalpacodeluciamallorca.com\/wp-content\/uploads\/2024\/08\/Diseno-sin-titulo-65.png","type":"","width":"","height":""}],"twitter_card":"summary_large_image","twitter_misc":{"Est. reading time":"3 minutes"},"schema":{"@context":"https:\/\/schema.org","@graph":[{"@type":"WebPage","@id":"https:\/\/festivalpacodeluciamallorca.com\/ca\/beca-joves-talents\/","url":"https:\/\/festivalpacodeluciamallorca.com\/ca\/beca-joves-talents\/","name":"BECA JOVES TALENTS - Festival Paco de Luc\u00eda Mallorca","isPartOf":{"@id":"https:\/\/festivalpacodeluciamallorca.com\/ca\/#website"},"primaryImageOfPage":{"@id":"https:\/\/festivalpacodeluciamallorca.com\/ca\/beca-joves-talents\/#primaryimage"},"image":{"@id":"https:\/\/festivalpacodeluciamallorca.com\/beca-joves-talents\/#primaryimage"},"thumbnailUrl":"https:\/\/festivalpacodeluciamallorca.com\/wp-content\/uploads\/2024\/08\/Diseno-sin-titulo-65.png","datePublished":"2025-02-24T16:09:05+00:00","dateModified":"2026-01-13T20:34:33+00:00","breadcrumb":{"@id":"https:\/\/festivalpacodeluciamallorca.com\/ca\/beca-joves-talents\/#breadcrumb"},"inLanguage":"ca-ES","potentialAction":[{"@type":"ReadAction","target":[["https:\/\/festivalpacodeluciamallorca.com\/ca\/beca-joves-talents\/"]]}]},{"@type":"ImageObject","inLanguage":"ca-ES","@id":"https:\/\/festivalpacodeluciamallorca.com\/ca\/beca-joves-talents\/#primaryimage","url":"https:\/\/festivalpacodeluciamallorca.com\/wp-content\/uploads\/2024\/08\/Diseno-sin-titulo-65.png","contentUrl":"https:\/\/festivalpacodeluciamallorca.com\/wp-content\/uploads\/2024\/08\/Diseno-sin-titulo-65.png"},{"@type":"BreadcrumbList","@id":"https:\/\/festivalpacodeluciamallorca.com\/ca\/beca-joves-talents\/#breadcrumb","itemListElement":[{"@type":"ListItem","position":1,"name":"Portada","item":"https:\/\/festivalpacodeluciamallorca.com\/ca\/"},{"@type":"ListItem","position":2,"name":"Beca J\u00f3venes Talentos"}]},{"@type":"WebSite","@id":"https:\/\/festivalpacodeluciamallorca.com\/ca\/#website","url":"https:\/\/festivalpacodeluciamallorca.com\/ca\/","name":"Festival Paco de Luc\u00eda Mallorca","description":"[:es]EDICI\u00d3N IV 2025[:ca]EDICI\u00d3 IV 2025[:]","publisher":{"@id":"https:\/\/festivalpacodeluciamallorca.com\/ca\/#organization"},"potentialAction":[{"@type":"SearchAction","target":{"@type":"EntryPoint","urlTemplate":"https:\/\/festivalpacodeluciamallorca.com\/ca\/?s={search_term_string}"},"query-input":{"@type":"PropertyValueSpecification","valueRequired":true,"valueName":"search_term_string"}}],"inLanguage":"ca-ES"},{"@type":"Organization","@id":"https:\/\/festivalpacodeluciamallorca.com\/ca\/#organization","name":"Fundaci\u00f3n Paco de Luc\u00eda","url":"https:\/\/festivalpacodeluciamallorca.com\/ca\/","logo":{"@type":"ImageObject","inLanguage":"ca-ES","@id":"https:\/\/festivalpacodeluciamallorca.com\/ca\/#\/schema\/logo\/image\/","url":"https:\/\/festivalpacodeluciamallorca.com\/wp-content\/uploads\/2022\/01\/5-2.png","contentUrl":"https:\/\/festivalpacodeluciamallorca.com\/wp-content\/uploads\/2022\/01\/5-2.png","width":500,"height":200,"caption":"Fundaci\u00f3n Paco de Luc\u00eda"},"image":{"@id":"https:\/\/festivalpacodeluciamallorca.com\/ca\/#\/schema\/logo\/image\/"},"sameAs":["https:\/\/www.facebook.com\/festivalpacodeluciamallorca","https:\/\/www.instagram.com\/festivalpacodeluciamallorca\/"]}]}},"grid":"{\r\n  \"colCount\": 21,\r\n  \"colGutter\": 12,\r\n  \"rowGutters\": [\r\n    12,\r\n    24,\r\n    40,\r\n    40,\r\n    40,\r\n    24\r\n  ],\r\n  \"frameMargin\": 5,\r\n  \"leftFrameMargin\": 24,\r\n  \"rightFrameMargin\": 24,\r\n  \"topFrameMargin\": 24,\r\n  \"mus\": {\r\n    \"colGutterMu\": \"px\",\r\n    \"rowGutterMu\": \"px\",\r\n    \"topFrameMu\": \"px\",\r\n    \"bottomFrameMu\": \"px\",\r\n    \"frameMu\": \"px\"\r\n  },\r\n  \"bottomFrameMargin\": 80,\r\n  \"rowAttrs\": [\r\n    {\r\n      \"row100vh\": false,\r\n      \"rowcustomheight\": \"75vh\",\r\n      \"relid\": 11\r\n    },\r\n    {\r\n      \"relid\": 3\r\n    },\r\n    {\r\n      \"relid\": 10\r\n    },\r\n    {\r\n      \"relid\": 29\r\n    },\r\n    {\r\n      \"relid\": 17\r\n    },\r\n    {\r\n      \"row100vh\": false,\r\n      \"rowcustomheight\": \"50vh\",\r\n      \"relid\": 20\r\n    },\r\n    {\r\n      \"relid\": 1\r\n    }\r\n  ],\r\n  \"bgColor\": null,\r\n  \"bgImage\": {\r\n    \"attid\": 553,\r\n    \"url\": \"\/wp-content\/uploads\/2025\/02\/Background.svg\",\r\n    \"sizes\": []\r\n  },\r\n  \"cont\": [\r\n    {\r\n      \"type\": \"text\",\r\n      \"cont\": \"<p style=\\\"text-align: center;\\\"><span style=\\\"font-size: 16px;\\\">BECA JOVES TALENTS<\/span><\/p>\",\r\n      \"align\": \"bottom\",\r\n      \"row\": 0,\r\n      \"col\": 0,\r\n      \"colspan\": 21,\r\n      \"offsetx\": 0,\r\n      \"offsety\": 0,\r\n      \"spaceabove\": 0,\r\n      \"spacebelow\": 5,\r\n      \"yvel\": 1,\r\n      \"push\": 0,\r\n      \"relid\": 7,\r\n      \"absolute_position\": true,\r\n      \"frameOverflow\": \"\"\r\n    },\r\n    {\r\n      \"type\": \"hr\",\r\n      \"cont\": \"\",\r\n      \"align\": \"top\",\r\n      \"row\": 1,\r\n      \"col\": 0,\r\n      \"colspan\": 21,\r\n      \"offsetx\": 0,\r\n      \"offsety\": 0,\r\n      \"spaceabove\": 0,\r\n      \"spacebelow\": 0,\r\n      \"yvel\": 1,\r\n      \"push\": 0,\r\n      \"relid\": 6,\r\n      \"absolute_position\": false,\r\n      \"frameOverflow\": \"both\"\r\n    },\r\n    {\r\n      \"type\": \"text\",\r\n      \"cont\": \"<h1><span style=\\\"font-size: 24px; font-family: FPDLM-Mono-Regular;\\\">III BECA JOVES TALENTS<\/span><\/h1>\",\r\n      \"align\": \"top\",\r\n      \"row\": 2,\r\n      \"col\": 1,\r\n      \"colspan\": 10,\r\n      \"offsetx\": 0,\r\n      \"offsety\": 0,\r\n      \"spaceabove\": 0,\r\n      \"spacebelow\": 0,\r\n      \"yvel\": 1,\r\n      \"push\": 1,\r\n      \"relid\": 16,\r\n      \"absolute_position\": false\r\n    },\r\n    {\r\n      \"type\": \"text\",\r\n      \"cont\": \"<p class=\\\"_P2\\\" style=\\\"text-align: left;\\\"><span style=\\\"font-weight: 400; color: #ffffff; font-size: 24px;\\\">El Festival Paco de Luc\u00eda Mallorca, en col\u00b7laboraci\u00f3 amb la Fundaci\u00f3 Paco de Luc\u00eda, convoca el 2026 la III Beca Joves Talents, una iniciativa destinada a impulsar el talent emergent i acompanyar joves artistes amb projecci\u00f3 professional. <\/span><\/p>\",\r\n      \"align\": \"top\",\r\n      \"row\": 3,\r\n      \"col\": 1,\r\n      \"colspan\": 11,\r\n      \"offsetx\": 0,\r\n      \"offsety\": 0,\r\n      \"spaceabove\": 0,\r\n      \"spacebelow\": 0,\r\n      \"yvel\": 1,\r\n      \"push\": 1,\r\n      \"relid\": 8,\r\n      \"absolute_position\": false,\r\n      \"dosync\": false,\r\n      \"frameOverflow\": \"\"\r\n    },\r\n    {\r\n      \"type\": \"text\",\r\n      \"cont\": \"<p class=\\\"_P3\\\" style=\\\"text-align: left;\\\"><span style=\\\"font-weight: 400; color: #ffffff; font-size: 16px;\\\">Amb motiu del 5\u00e8 aniversari del festival, aquesta edici\u00f3 se celebra de manera excepcional com una Beca Especial dedicada al ball i la dansa, des d'una mirada \u00e0mplia, contempor\u00e0nia i transversal, en di\u00e0leg amb la tradici\u00f3 i l'esperit d'innovaci\u00f3 que defineixen el llegat de Paco de Luc\u00eda. <br \/><br \/>La persona seleccionada tindr\u00e0 l'oportunitat de realitzar un programa formatiu d'estiu a la Berklee School of Music de Boston, a l'especialitat de dansa (CDI), entre el 6 i el 25 de juliol del 2026. El termini de presentaci\u00f3 de candidatures estar\u00e0 obert des del 13 de gener fins al 19 de febrer de 2026 (14:00 h). El lliurament oficial de la beca tindr\u00e0 lloc a la Gran Gala Inaugural del Festival Paco de Luc\u00eda Mallorca, el 13 de mar\u00e7 de 2026, al Teatre Principal de Palma. <br \/><br \/>El proc\u00e9s de selecci\u00f3 comptar\u00e0 amb un comit\u00e8 art\u00edstic de prestigi internacional, integrat per Bryan Adams, Al Di Meola, John McLaughlin i Estrella Morente, i podr\u00e0 incorporar la participaci\u00f3 d'una figura convidada sorpresa a l'acte de lliurament. Aix\u00ed mateix, la persona becada oferir\u00e0 una mostra del seu talent al Teatre Municipal Xesc Forteza, el 17 de mar\u00e7 del 2026 a les 19:00 h. <br \/><br \/>Consulta les bases <strong><a href=\\\"https:\/\/festivalpacodeluciamallorca.com\/wp-content\/uploads\/2026\/01\/Bases-III-Beca-Jovenes-Talentos-Festival-Paco-de-Lucia-Mallorca-CBGC-1.pdf\\\">aqu\u00ed<\/a>.<\/strong><\/span><\/p>\",\r\n      \"align\": \"top\",\r\n      \"row\": 4,\r\n      \"col\": 11,\r\n      \"colspan\": 9,\r\n      \"offsetx\": 0,\r\n      \"offsety\": 0,\r\n      \"spaceabove\": 0,\r\n      \"spacebelow\": 0,\r\n      \"yvel\": 1,\r\n      \"push\": 11,\r\n      \"relid\": 18,\r\n      \"absolute_position\": false\r\n    },\r\n    {\r\n      \"type\": \"img\",\r\n      \"cont\": \"\/wp-content\/uploads\/2026\/01\/Foto-12-3-25-II-BECA.jpg\",\r\n      \"align\": \"top\",\r\n      \"row\": 5,\r\n      \"col\": 8,\r\n      \"colspan\": 6,\r\n      \"offsetx\": 0,\r\n      \"offsety\": 0,\r\n      \"spaceabove\": 0,\r\n      \"spacebelow\": 0,\r\n      \"yvel\": 1,\r\n      \"push\": 8,\r\n      \"relid\": 2,\r\n      \"attid\": 725,\r\n      \"sizes\": {\r\n        \"full\": \"\/wp-content\/uploads\/2026\/01\/Foto-12-3-25-II-BECA.jpg\",\r\n        \"_2560\": \"\/wp-content\/uploads\/2026\/01\/Foto-12-3-25-II-BECA-2560x3413.jpg\",\r\n        \"_1920\": \"\/wp-content\/uploads\/2026\/01\/Foto-12-3-25-II-BECA-1920x2560.jpg\",\r\n        \"_1280\": \"\/wp-content\/uploads\/2026\/01\/Foto-12-3-25-II-BECA-1280x1707.jpg\",\r\n        \"_1024\": \"\/wp-content\/uploads\/2026\/01\/Foto-12-3-25-II-BECA-1024x1365.jpg\",\r\n        \"_768\": \"\/wp-content\/uploads\/2026\/01\/Foto-12-3-25-II-BECA-768x1024.jpg\",\r\n        \"_512\": \"\/wp-content\/uploads\/2026\/01\/Foto-12-3-25-II-BECA-512x683.jpg\",\r\n        \"_265\": \"\/wp-content\/uploads\/2026\/01\/Foto-12-3-25-II-BECA-265x353.jpg\"\r\n      },\r\n      \"w\": 3024,\r\n      \"h\": 4032,\r\n      \"ar\": 1.3333333333333333,\r\n      \"alt\": \"\",\r\n      \"absolute_position\": true\r\n    },\r\n    {\r\n      \"type\": \"text\",\r\n      \"cont\": \"<p class=\\\"_P3\\\"><span style=\\\"font-size: 16px; font-family: Dazzed-Regular;\\\">\u00darsula Pomar, guanyadora de la II Beca J\u00f3venes Talentos\u00a0<\/span><\/p>\",\r\n      \"align\": \"middle\",\r\n      \"row\": 6,\r\n      \"col\": 8,\r\n      \"colspan\": 6,\r\n      \"offsetx\": 0,\r\n      \"offsety\": 0,\r\n      \"spaceabove\": 0,\r\n      \"spacebelow\": 0,\r\n      \"yvel\": 1,\r\n      \"push\": 8,\r\n      \"relid\": 4,\r\n      \"absolute_position\": false\r\n    }\r\n  ]\r\n}","phonegrid":"{\r\n  \"colCount\": 12,\r\n  \"colGutter\": 1,\r\n  \"rowGutters\": [\r\n    5,\r\n    5,\r\n    \"10\",\r\n    \"6\",\r\n    5,\r\n    \"2\"\r\n  ],\r\n  \"frameMargin\": 5,\r\n  \"topFrameMargin\": 5,\r\n  \"rightFrameMargin\": 5,\r\n  \"bottomFrameMargin\": \"20\",\r\n  \"leftFrameMargin\": 5,\r\n  \"mus\": {\r\n    \"colGutterMu\": \"%\",\r\n    \"rowGutterMu\": \"%\",\r\n    \"topFrameMu\": \"%\",\r\n    \"bottomFrameMu\": \"%\",\r\n    \"frameMu\": \"%\"\r\n  },\r\n  \"rowAttrs\": [\r\n    {\r\n      \"relid\": 77,\r\n      \"rowcustomheight\": \"30vh\",\r\n      \"row100vh\": false\r\n    },\r\n    {\r\n      \"relid\": 13\r\n    },\r\n    {\r\n      \"relid\": 24\r\n    },\r\n    {\r\n      \"relid\": 79\r\n    },\r\n    {\r\n      \"relid\": 26\r\n    },\r\n    {\r\n      \"relid\": 27\r\n    },\r\n    {\r\n      \"relid\": 5\r\n    }\r\n  ],\r\n  \"bgColor\": null,\r\n  \"bgImage\": {\r\n    \"attid\": 553,\r\n    \"url\": \"\/wp-content\/uploads\/2025\/02\/Background.svg\",\r\n    \"sizes\": {}\r\n  },\r\n  \"cont\": [\r\n    {\r\n      \"type\": \"text\",\r\n      \"cont\": \"<p style=\\\"text-align: center;\\\"><span style=\\\"font-size: 16px;\\\">BECA JOVES TALENTS<\/span><\/p>\",\r\n      \"align\": \"bottom\",\r\n      \"row\": 0,\r\n      \"col\": 0,\r\n      \"colspan\": 12,\r\n      \"offsetx\": 0,\r\n      \"offsety\": 0,\r\n      \"spaceabove\": 0,\r\n      \"spacebelow\": \"10\",\r\n      \"yvel\": 1,\r\n      \"push\": 0,\r\n      \"relid\": 7,\r\n      \"absolute_position\": true,\r\n      \"frameOverflow\": \"\"\r\n    },\r\n    {\r\n      \"type\": \"hr\",\r\n      \"cont\": \"\",\r\n      \"align\": \"top\",\r\n      \"row\": 1,\r\n      \"col\": 0,\r\n      \"colspan\": 12,\r\n      \"offsetx\": 0,\r\n      \"offsety\": 0,\r\n      \"spaceabove\": 0,\r\n      \"spacebelow\": 0,\r\n      \"yvel\": 1,\r\n      \"push\": 0,\r\n      \"relid\": 6,\r\n      \"absolute_position\": false,\r\n      \"frameOverflow\": \"both\"\r\n    },\r\n    {\r\n      \"type\": \"text\",\r\n      \"cont\": \"<h1><span style=\\\"font-size: 24px; font-family: FPDLM-Mono-Regular;\\\">III BECA JOVES TALENTS<\/span><\/h1>\",\r\n      \"align\": \"middle\",\r\n      \"row\": 2,\r\n      \"col\": 0,\r\n      \"colspan\": 12,\r\n      \"offsetx\": 0,\r\n      \"offsety\": 0,\r\n      \"spaceabove\": 0,\r\n      \"spacebelow\": 0,\r\n      \"yvel\": 1,\r\n      \"push\": 0,\r\n      \"relid\": 16,\r\n      \"absolute_position\": false,\r\n      \"frameOverflow\": \"\"\r\n    },\r\n    {\r\n      \"type\": \"text\",\r\n      \"cont\": \"<p class=\\\"_P2\\\" style=\\\"text-align: left;\\\"><span style=\\\"font-weight: 400; color: #ffffff; font-size: 20px;\\\">El Festival Paco de Luc\u00eda Mallorca, en col\u00b7laboraci\u00f3 amb la Fundaci\u00f3 Paco de Luc\u00eda, convoca el 2026 la III Beca Joves Talents, una iniciativa destinada a impulsar el talent emergent i acompanyar joves artistes amb projecci\u00f3 professional.<\/span><\/p>\",\r\n      \"align\": \"top\",\r\n      \"row\": 3,\r\n      \"col\": 0,\r\n      \"colspan\": 12,\r\n      \"offsetx\": 0,\r\n      \"offsety\": 0,\r\n      \"spaceabove\": 0,\r\n      \"spacebelow\": 0,\r\n      \"yvel\": 1,\r\n      \"push\": 0,\r\n      \"relid\": 8,\r\n      \"absolute_position\": false,\r\n      \"dosync\": false\r\n    },\r\n    {\r\n      \"type\": \"text\",\r\n      \"cont\": \"<p class=\\\"_P3\\\" style=\\\"text-align: left;\\\"><span style=\\\"font-weight: 400; color: #ffffff; font-size: 16px;\\\">Amb motiu del 5\u00e8 aniversari del festival, aquesta edici\u00f3 se celebra de manera excepcional com una Beca Especial dedicada al ball i la dansa, des d'una mirada \u00e0mplia, contempor\u00e0nia i transversal, en di\u00e0leg amb la tradici\u00f3 i l'esperit d'innovaci\u00f3 que defineixen el llegat de Paco de Luc\u00eda. <br \/><br \/>La persona seleccionada tindr\u00e0 l'oportunitat de realitzar un programa formatiu d'estiu a la Berklee School of Music de Boston, a l'especialitat de dansa (CDI), entre el 6 i el 25 de juliol del 2026. El termini de presentaci\u00f3 de candidatures estar\u00e0 obert des del 13 de gener fins al 19 de febrer de 2026 (14:00 h). El lliurament oficial de la beca tindr\u00e0 lloc a la Gran Gala Inaugural del Festival Paco de Luc\u00eda Mallorca, el 13 de mar\u00e7 de 2026, al Teatre Principal de Palma. <br \/><br \/>El proc\u00e9s de selecci\u00f3 comptar\u00e0 amb un comit\u00e8 art\u00edstic de prestigi internacional, integrat per Bryan Adams, Al Di Meola, John McLaughlin i Estrella Morente, i podr\u00e0 incorporar la participaci\u00f3 d'una figura convidada sorpresa a l'acte de lliurament. Aix\u00ed mateix, la persona becada oferir\u00e0 una mostra del seu talent al Teatre Municipal Xesc Forteza, el 17 de mar\u00e7 del 2026 a les 19:00 h. <br \/><br \/>Consulta les bases <strong><a href=\\\"https:\/\/festivalpacodeluciamallorca.com\/wp-content\/uploads\/2026\/01\/Bases-III-Beca-Jovenes-Talentos-Festival-Paco-de-Lucia-Mallorca-CBGC-1.pdf\\\">aqu\u00ed<\/a>.<\/strong><\/span><\/p>\",\r\n      \"align\": \"top\",\r\n      \"row\": 4,\r\n      \"col\": 0,\r\n      \"colspan\": 12,\r\n      \"offsetx\": 0,\r\n      \"offsety\": 0,\r\n      \"spaceabove\": 0,\r\n      \"spacebelow\": 0,\r\n      \"yvel\": 1,\r\n      \"push\": 0,\r\n      \"relid\": 25,\r\n      \"absolute_position\": false\r\n    },\r\n    {\r\n      \"type\": \"img\",\r\n      \"cont\": \"\/wp-content\/uploads\/2026\/01\/Foto-12-3-25-II-BECA.jpg\",\r\n      \"align\": \"middle\",\r\n      \"row\": 5,\r\n      \"col\": 0,\r\n      \"colspan\": 12,\r\n      \"offsetx\": 0,\r\n      \"offsety\": 0,\r\n      \"spaceabove\": 0,\r\n      \"spacebelow\": 0,\r\n      \"yvel\": 1,\r\n      \"push\": 0,\r\n      \"relid\": 2,\r\n      \"attid\": 725,\r\n      \"sizes\": {\r\n        \"full\": \"\/wp-content\/uploads\/2026\/01\/Foto-12-3-25-II-BECA.jpg\",\r\n        \"_2560\": \"\/wp-content\/uploads\/2026\/01\/Foto-12-3-25-II-BECA-2560x3413.jpg\",\r\n        \"_1920\": \"\/wp-content\/uploads\/2026\/01\/Foto-12-3-25-II-BECA-1920x2560.jpg\",\r\n        \"_1280\": \"\/wp-content\/uploads\/2026\/01\/Foto-12-3-25-II-BECA-1280x1707.jpg\",\r\n        \"_1024\": \"\/wp-content\/uploads\/2026\/01\/Foto-12-3-25-II-BECA-1024x1365.jpg\",\r\n        \"_768\": \"\/wp-content\/uploads\/2026\/01\/Foto-12-3-25-II-BECA-768x1024.jpg\",\r\n        \"_512\": \"\/wp-content\/uploads\/2026\/01\/Foto-12-3-25-II-BECA-512x683.jpg\",\r\n        \"_265\": \"\/wp-content\/uploads\/2026\/01\/Foto-12-3-25-II-BECA-265x353.jpg\"\r\n      },\r\n      \"w\": 3024,\r\n      \"h\": 4032,\r\n      \"ar\": 1.3333333333333333,\r\n      \"alt\": \"\",\r\n      \"absolute_position\": false,\r\n      \"frameOverflow\": \"\"\r\n    },\r\n    {\r\n      \"type\": \"text\",\r\n      \"cont\": \"<p class=\\\"_P3\\\"><span style=\\\"font-size: 16px; font-family: Dazzed-Regular;\\\">\u00darsula Pomar, guanyadora de la II Beca J\u00f3venes Talentos\u00a0<\/span><\/p>\",\r\n      \"align\": \"middle\",\r\n      \"row\": 6,\r\n      \"col\": 0,\r\n      \"colspan\": 12,\r\n      \"offsetx\": 0,\r\n      \"offsety\": 0,\r\n      \"spaceabove\": 0,\r\n      \"spacebelow\": 0,\r\n      \"yvel\": 1,\r\n      \"push\": 0,\r\n      \"relid\": 4,\r\n      \"absolute_position\": false,\r\n      \"frameOverflow\": \"\"\r\n    }\r\n  ]\r\n}","_links":{"self":[{"href":"https:\/\/festivalpacodeluciamallorca.com\/ca\/wp-json\/wp\/v2\/pages\/672","targetHints":{"allow":["GET"]}}],"collection":[{"href":"https:\/\/festivalpacodeluciamallorca.com\/ca\/wp-json\/wp\/v2\/pages"}],"about":[{"href":"https:\/\/festivalpacodeluciamallorca.com\/ca\/wp-json\/wp\/v2\/types\/page"}],"author":[{"embeddable":true,"href":"https:\/\/festivalpacodeluciamallorca.com\/ca\/wp-json\/wp\/v2\/users\/1"}],"replies":[{"embeddable":true,"href":"https:\/\/festivalpacodeluciamallorca.com\/ca\/wp-json\/wp\/v2\/comments?post=672"}],"version-history":[{"count":0,"href":"https:\/\/festivalpacodeluciamallorca.com\/ca\/wp-json\/wp\/v2\/pages\/672\/revisions"}],"wp:attachment":[{"href":"https:\/\/festivalpacodeluciamallorca.com\/ca\/wp-json\/wp\/v2\/media?parent=672"}],"curies":[{"name":"wp","href":"https:\/\/api.w.org\/{rel}","templated":true}]}}